{"id":705,"date":"2026-03-21T18:38:20","date_gmt":"2026-03-21T18:38:20","guid":{"rendered":"https:\/\/minevindel.com\/?page_id=705"},"modified":"2026-03-21T18:38:20","modified_gmt":"2026-03-21T18:38:20","slug":"tema-13","status":"publish","type":"page","link":"http:\/\/minevindel.com\/index.php\/tema-13\/","title":{"rendered":"Tema 13"},"content":{"rendered":"<p><strong>13. TECTOSILICATOS<\/strong><\/p>\n<p><strong>GRUPO DEL SiO<sub>2<\/sub><\/strong><\/p>\n<p><strong>CUARZO<\/strong><\/p>\n<p>F\u00f3rmula: SiO<sub>2<\/sub><\/p>\n<p>Sistema cristalino: Trigonal.<\/p>\n<p>Forma y h\u00e1bito: Los cristales son prism\u00e1ticos. Los cuarzos maclados son las maclas de compenetraci\u00f3n y de contacto. La del <em>Delfinado<\/em>, {0001}, es el eje de la macla y la del <em>Brasil<\/em>, es el plano de plano, {1120}, son maclas de compenetraci\u00f3n. Ambas se observan pocas veces. La del Jap\u00f3n, con plano {1122}, es macla de contacto.<\/p>\n<p><strong>Propiedades f\u00edsicas: <\/strong><\/p>\n<p>Color: incoloro o blanco. A menudo cualquier color seg\u00fan impurezas y variedades.<\/p>\n<p>Fractura concoidea.<\/p>\n<p>Raya: Blanca.<\/p>\n<p>Brillo: V\u00edtreo.<\/p>\n<p>Dureza: <strong>H <\/strong>7<\/p>\n<p>Peso espec\u00edfico: <strong>G<\/strong> 2,65 g\/cm<sup>3<\/sup><\/p>\n<p>Piroel\u00e9ctrico y piezoel\u00e9ctrico<\/p>\n<p><strong>Composici\u00f3n: <\/strong>Si 46,7% O 53,3%. Es lo m\u00e1s pr\u00f3ximo a un compuesto qu\u00edmico puro y propiedades f\u00edsicas constantes.<\/p>\n<p><strong>Variedades cristalinas:<\/strong><\/p>\n<p><strong>Cristal de roca:<\/strong> Cuarzo incoloro.<\/p>\n<p><strong>Cuarzo lechoso:<\/strong> Con inclusiones fluidas diminutas.<\/p>\n<p><strong>Amatista: <\/strong>Cuarzo violeta (Fe<sup>3+<\/sup>) en cristales.<\/p>\n<p><strong>Cuarzo rosa:<\/strong> Cristalino, pero por lo general sin forma, color rosa (Ti<sup>4+<\/sup>).<\/p>\n<p><strong>Cuarzo ahumado: <\/strong>Aparece en cristales de color amarillo a casta\u00f1o-negro (Al<sup>3+<\/sup>).<\/p>\n<p><strong>Cuarzo citrino:<\/strong> Cristales de color amarillo claro (Fe<sup>2+<\/sup>), que parece al topacio.<\/p>\n<p><strong>Cuarzo con inclusiones de elba\u00edta:<\/strong> Turmalinas (variedad elba\u00edtas) incluidas en cuarzo.<\/p>\n<p><strong>Cuarzo rutilado: <\/strong>Con agujas de muy finas de rutilo.<\/p>\n<p><strong>Cuarzo hematoideo:<\/strong> Mezcla con hematites.<\/p>\n<p><strong>Cuarzo ojo de tigre: <\/strong>Cuarzo fibroso amarillo pseudomorfo del mineral crocidolita (variedad asbestiforme del anf\u00edbol).<\/p>\n<p><strong>Geodas de cuarzo: <\/strong>Cavidades esf\u00e9ricas que ha precipitado cuarzo cristalizado.<\/p>\n<p><strong>Variedades fibrosas:<\/strong><\/p>\n<p><strong>Calcedonia:<\/strong> Es el nombre general de las variedades fibrosas. Color pardo a gris, brillo de cera y se encuentra rellenando cavidades en las rocas.<\/p>\n<p><strong>\u00c1gata:<\/strong> Una variedad jaspeada con capas curvadas coloreadas o conc\u00e9ntricas de calcedonia.<\/p>\n<p><strong>Madera<\/strong> <strong>silicificada <\/strong>o agatizada.<\/p>\n<p><strong>\u00d3nice: <\/strong>Es una calcedonia en capas, en planos paralelos.<\/p>\n<p><strong>Heliotropo: <\/strong>Es una calcedonia verde con peque\u00f1os puntos rojos de jaspe.<\/p>\n<p><strong>Variedades granulares:<\/strong><\/p>\n<p><strong>S\u00edlex o pedernal: <\/strong>El s\u00edlex se encuentra en n\u00f3dulos sil\u00edceos.<\/p>\n<p><strong>Jaspe: <\/strong>Cuarzo microcristalino granular, mate, se presenta con color rojo por inclusiones de hematites.<\/p>\n<p><strong>Prasio: <\/strong>Cuarzo verdoso por inclusiones de actinolita.<\/p>\n<p><img loading=\"lazy\" decoding=\"async\" width=\"1299\" height=\"974\" class=\"wp-image-706\" src=\"http:\/\/minevindel.com\/wp-content\/uploads\/2026\/01\/e-2_fotos-fotos-de-geologia-smitsonian-2006-q-jpg.jpeg\" alt=\"E:\\2_FOTOS\\FOTOS DE GEOLOGIA\\SMITSONIAN 2006\\Q.jpg\" srcset=\"http:\/\/minevindel.com\/wp-content\/uploads\/2026\/01\/e-2_fotos-fotos-de-geologia-smitsonian-2006-q-jpg.jpeg 1299w, http:\/\/minevindel.com\/wp-content\/uploads\/2026\/01\/e-2_fotos-fotos-de-geologia-smitsonian-2006-q-jpg-300x225.jpeg 300w, http:\/\/minevindel.com\/wp-content\/uploads\/2026\/01\/e-2_fotos-fotos-de-geologia-smitsonian-2006-q-jpg-1024x768.jpeg 1024w, http:\/\/minevindel.com\/wp-content\/uploads\/2026\/01\/e-2_fotos-fotos-de-geologia-smitsonian-2006-q-jpg-768x576.jpeg 768w\" sizes=\"auto, (max-width: 1299px) 100vw, 1299px\" \/><\/p>\n<p>Cuarzo. Macla de Jap\u00f3n. Smithsonian Institution. Foto E. Vindel.<\/p>\n<p><img loading=\"lazy\" decoding=\"async\" width=\"1299\" height=\"863\" class=\"wp-image-707\" src=\"http:\/\/minevindel.com\/wp-content\/uploads\/2026\/01\/e-2_fotos-fotos-de-geologia-fotos-de-minerales-co.jpeg\" alt=\"E:\\2_FOTOS\\FOTOS DE GEOLOGIA\\FOTOS DE MINERALES\\CONCURSO ELEKTRA\\TESOROS DE LA NATUREZA\\20 Cuarzo.jpg.JPG\" srcset=\"http:\/\/minevindel.com\/wp-content\/uploads\/2026\/01\/e-2_fotos-fotos-de-geologia-fotos-de-minerales-co.jpeg 1299w, http:\/\/minevindel.com\/wp-content\/uploads\/2026\/01\/e-2_fotos-fotos-de-geologia-fotos-de-minerales-co-300x199.jpeg 300w, http:\/\/minevindel.com\/wp-content\/uploads\/2026\/01\/e-2_fotos-fotos-de-geologia-fotos-de-minerales-co-1024x680.jpeg 1024w, http:\/\/minevindel.com\/wp-content\/uploads\/2026\/01\/e-2_fotos-fotos-de-geologia-fotos-de-minerales-co-768x510.jpeg 768w\" sizes=\"auto, (max-width: 1299px) 100vw, 1299px\" \/><\/p>\n<p>Cristal de roca. Colecci\u00f3n privada de E. Vindel.<\/p>\n<p><img loading=\"lazy\" decoding=\"async\" width=\"1299\" height=\"863\" class=\"wp-image-708\" src=\"http:\/\/minevindel.com\/wp-content\/uploads\/2026\/01\/j-caja-f1-cuarzo-2-jpg.jpeg\" alt=\"J:\\Caja F1\\CUARZO 2.JPG\" srcset=\"http:\/\/minevindel.com\/wp-content\/uploads\/2026\/01\/j-caja-f1-cuarzo-2-jpg.jpeg 1299w, http:\/\/minevindel.com\/wp-content\/uploads\/2026\/01\/j-caja-f1-cuarzo-2-jpg-300x199.jpeg 300w, http:\/\/minevindel.com\/wp-content\/uploads\/2026\/01\/j-caja-f1-cuarzo-2-jpg-1024x680.jpeg 1024w, http:\/\/minevindel.com\/wp-content\/uploads\/2026\/01\/j-caja-f1-cuarzo-2-jpg-768x510.jpeg 768w\" sizes=\"auto, (max-width: 1299px) 100vw, 1299px\" \/><\/p>\n<p>Cristal de roca. Colecci\u00f3n privada de E. Vindel.<\/p>\n<p><img loading=\"lazy\" decoding=\"async\" width=\"1299\" height=\"863\" class=\"wp-image-709\" src=\"http:\/\/minevindel.com\/wp-content\/uploads\/2026\/01\/j-caja-f1-cuarzo-con-if-2-jpg.jpeg\" alt=\"J:\\Caja F1\\CUARZO CON IF 2.JPG\" srcset=\"http:\/\/minevindel.com\/wp-content\/uploads\/2026\/01\/j-caja-f1-cuarzo-con-if-2-jpg.jpeg 1299w, http:\/\/minevindel.com\/wp-content\/uploads\/2026\/01\/j-caja-f1-cuarzo-con-if-2-jpg-300x199.jpeg 300w, http:\/\/minevindel.com\/wp-content\/uploads\/2026\/01\/j-caja-f1-cuarzo-con-if-2-jpg-1024x680.jpeg 1024w, http:\/\/minevindel.com\/wp-content\/uploads\/2026\/01\/j-caja-f1-cuarzo-con-if-2-jpg-768x510.jpeg 768w\" sizes=\"auto, (max-width: 1299px) 100vw, 1299px\" \/><\/p>\n<p>Cuarzo lechoso. Color blanco debido a la presencia de inclusiones fluidas.\u00a0Colecci\u00f3n privada de E. Vindel.<\/p>\n<p><img loading=\"lazy\" decoding=\"async\" width=\"1299\" height=\"863\" class=\"wp-image-710\" src=\"http:\/\/minevindel.com\/wp-content\/uploads\/2026\/01\/j-house-of-cards-fotos-fotos-geologia-smithsonian.jpeg\" alt=\"J:\\house of cards\\FOTOS\\FOTOS GEOLOGIA\\SMITHSONIAN 2011\\DSC00690.JPG\" srcset=\"http:\/\/minevindel.com\/wp-content\/uploads\/2026\/01\/j-house-of-cards-fotos-fotos-geologia-smithsonian.jpeg 1299w, http:\/\/minevindel.com\/wp-content\/uploads\/2026\/01\/j-house-of-cards-fotos-fotos-geologia-smithsonian-300x199.jpeg 300w, http:\/\/minevindel.com\/wp-content\/uploads\/2026\/01\/j-house-of-cards-fotos-fotos-geologia-smithsonian-1024x680.jpeg 1024w, http:\/\/minevindel.com\/wp-content\/uploads\/2026\/01\/j-house-of-cards-fotos-fotos-geologia-smithsonian-768x510.jpeg 768w\" sizes=\"auto, (max-width: 1299px) 100vw, 1299px\" \/><\/p>\n<p>Amatista. Smithsonian Institution. Foto E. Vindel.<\/p>\n<p><img loading=\"lazy\" decoding=\"async\" width=\"1299\" height=\"974\" class=\"wp-image-711\" src=\"http:\/\/minevindel.com\/wp-content\/uploads\/2026\/01\/e-fotos-movil-30-del-11-23-20231128_131740-jpg.jpeg\" alt=\"E:\\Fotos movil 30 del 11 23\\20231128_131740.jpg\" srcset=\"http:\/\/minevindel.com\/wp-content\/uploads\/2026\/01\/e-fotos-movil-30-del-11-23-20231128_131740-jpg.jpeg 1299w, http:\/\/minevindel.com\/wp-content\/uploads\/2026\/01\/e-fotos-movil-30-del-11-23-20231128_131740-jpg-300x225.jpeg 300w, http:\/\/minevindel.com\/wp-content\/uploads\/2026\/01\/e-fotos-movil-30-del-11-23-20231128_131740-jpg-1024x768.jpeg 1024w, http:\/\/minevindel.com\/wp-content\/uploads\/2026\/01\/e-fotos-movil-30-del-11-23-20231128_131740-jpg-768x576.jpeg 768w\" sizes=\"auto, (max-width: 1299px) 100vw, 1299px\" \/><\/p>\n<p>Amatista. Colecci\u00f3n privada de E. Vindel.<\/p>\n<p><img loading=\"lazy\" decoding=\"async\" width=\"1299\" height=\"974\" class=\"wp-image-712\" src=\"http:\/\/minevindel.com\/wp-content\/uploads\/2026\/01\/e-2_fotos-usa-mineral-usa-washington-cuarzo-rosa2.jpeg\" alt=\"E:\\2_FOTOS\\USA\\MINERAL-USA WASHINGTON\\CUARZO ROSA2.jpg\" srcset=\"http:\/\/minevindel.com\/wp-content\/uploads\/2026\/01\/e-2_fotos-usa-mineral-usa-washington-cuarzo-rosa2.jpeg 1299w, http:\/\/minevindel.com\/wp-content\/uploads\/2026\/01\/e-2_fotos-usa-mineral-usa-washington-cuarzo-rosa2-300x225.jpeg 300w, http:\/\/minevindel.com\/wp-content\/uploads\/2026\/01\/e-2_fotos-usa-mineral-usa-washington-cuarzo-rosa2-1024x768.jpeg 1024w, http:\/\/minevindel.com\/wp-content\/uploads\/2026\/01\/e-2_fotos-usa-mineral-usa-washington-cuarzo-rosa2-768x576.jpeg 768w\" sizes=\"auto, (max-width: 1299px) 100vw, 1299px\" \/><\/p>\n<p>Cristales de cuarzo rosa. Smithsonian Institution. Foto E. Vindel.<\/p>\n<p><img loading=\"lazy\" decoding=\"async\" width=\"1299\" height=\"863\" class=\"wp-image-713\" src=\"http:\/\/minevindel.com\/wp-content\/uploads\/2026\/01\/c-users-elena-vindel-pictures-4_fotosweb-geominer-26.jpeg\" alt=\"C:\\Users\\ELENA VINDEL\\Pictures\\4_FOTOSWEB\\Geominero 2\\DSC09518.JPG\" srcset=\"http:\/\/minevindel.com\/wp-content\/uploads\/2026\/01\/c-users-elena-vindel-pictures-4_fotosweb-geominer-26.jpeg 1299w, http:\/\/minevindel.com\/wp-content\/uploads\/2026\/01\/c-users-elena-vindel-pictures-4_fotosweb-geominer-26-300x199.jpeg 300w, http:\/\/minevindel.com\/wp-content\/uploads\/2026\/01\/c-users-elena-vindel-pictures-4_fotosweb-geominer-26-1024x680.jpeg 1024w, http:\/\/minevindel.com\/wp-content\/uploads\/2026\/01\/c-users-elena-vindel-pictures-4_fotosweb-geominer-26-768x510.jpeg 768w\" sizes=\"auto, (max-width: 1299px) 100vw, 1299px\" \/><\/p>\n<p>Cuarzo ahumado. Museo Geominero. Foto E. Vindel.<\/p>\n<p><img loading=\"lazy\" decoding=\"async\" width=\"1299\" height=\"974\" class=\"wp-image-714\" src=\"http:\/\/minevindel.com\/wp-content\/uploads\/2026\/01\/e-2_fotos-usa-mineral-usa-washington-cuarzo2-jpg.jpeg\" alt=\"E:\\2_FOTOS\\USA\\MINERAL-USA WASHINGTON\\CUARZO2.jpg\" srcset=\"http:\/\/minevindel.com\/wp-content\/uploads\/2026\/01\/e-2_fotos-usa-mineral-usa-washington-cuarzo2-jpg.jpeg 1299w, http:\/\/minevindel.com\/wp-content\/uploads\/2026\/01\/e-2_fotos-usa-mineral-usa-washington-cuarzo2-jpg-300x225.jpeg 300w, http:\/\/minevindel.com\/wp-content\/uploads\/2026\/01\/e-2_fotos-usa-mineral-usa-washington-cuarzo2-jpg-1024x768.jpeg 1024w, http:\/\/minevindel.com\/wp-content\/uploads\/2026\/01\/e-2_fotos-usa-mineral-usa-washington-cuarzo2-jpg-768x576.jpeg 768w\" sizes=\"auto, (max-width: 1299px) 100vw, 1299px\" \/><\/p>\n<p>Cuarzo citrino. Smithsonian Institution. Foto E. Vindel.<\/p>\n<p><img loading=\"lazy\" decoding=\"async\" width=\"1300\" height=\"1733\" class=\"wp-image-715\" src=\"http:\/\/minevindel.com\/wp-content\/uploads\/2026\/01\/g-2_fotos-usa-mineral-usa-washington-elbaiata-en-3.jpeg\" alt=\"G:\\2_FOTOS\\USA\\MINERAL-USA WASHINGTON\\ELBAIATA EN Q2.jpg\" srcset=\"http:\/\/minevindel.com\/wp-content\/uploads\/2026\/01\/g-2_fotos-usa-mineral-usa-washington-elbaiata-en-3.jpeg 1300w, http:\/\/minevindel.com\/wp-content\/uploads\/2026\/01\/g-2_fotos-usa-mineral-usa-washington-elbaiata-en-3-225x300.jpeg 225w, http:\/\/minevindel.com\/wp-content\/uploads\/2026\/01\/g-2_fotos-usa-mineral-usa-washington-elbaiata-en-3-768x1024.jpeg 768w, http:\/\/minevindel.com\/wp-content\/uploads\/2026\/01\/g-2_fotos-usa-mineral-usa-washington-elbaiata-en-3-1152x1536.jpeg 1152w\" sizes=\"auto, (max-width: 1300px) 100vw, 1300px\" \/><\/p>\n<p>Cuarzo con inclusiones de elba\u00edta. Smithsonian Institution. Foto E. Vindel.<\/p>\n<p><img loading=\"lazy\" decoding=\"async\" width=\"1300\" height=\"797\" class=\"wp-image-716\" src=\"http:\/\/minevindel.com\/wp-content\/uploads\/2026\/01\/e-1_documentos-fluoritas-fotos-tesis-de-virgi-min.jpeg\" alt=\"E:\\1_DOCUMENTOS\\FLUORITAS\\FOTOS TESIS DE VIRGI\\minerales 431.JPG\" srcset=\"http:\/\/minevindel.com\/wp-content\/uploads\/2026\/01\/e-1_documentos-fluoritas-fotos-tesis-de-virgi-min.jpeg 1300w, http:\/\/minevindel.com\/wp-content\/uploads\/2026\/01\/e-1_documentos-fluoritas-fotos-tesis-de-virgi-min-300x184.jpeg 300w, http:\/\/minevindel.com\/wp-content\/uploads\/2026\/01\/e-1_documentos-fluoritas-fotos-tesis-de-virgi-min-1024x628.jpeg 1024w, http:\/\/minevindel.com\/wp-content\/uploads\/2026\/01\/e-1_documentos-fluoritas-fotos-tesis-de-virgi-min-768x471.jpeg 768w\" sizes=\"auto, (max-width: 1300px) 100vw, 1300px\" \/><\/p>\n<p>Cuarzo bipiramidal con inclusiones de hidrocarburos. Caravia-Berbes (Asturias). Muestra Tesis Doctoral de la Dra. Virginia S\u00e1nchez.<\/p>\n<p><img loading=\"lazy\" decoding=\"async\" width=\"1299\" height=\"863\" class=\"wp-image-717\" src=\"http:\/\/minevindel.com\/wp-content\/uploads\/2026\/01\/j-caja-f1-cuarzo-rutilado-jpg.jpeg\" alt=\"J:\\Caja F1\\CUARZO RUTILADO.JPG\" srcset=\"http:\/\/minevindel.com\/wp-content\/uploads\/2026\/01\/j-caja-f1-cuarzo-rutilado-jpg.jpeg 1299w, http:\/\/minevindel.com\/wp-content\/uploads\/2026\/01\/j-caja-f1-cuarzo-rutilado-jpg-300x199.jpeg 300w, http:\/\/minevindel.com\/wp-content\/uploads\/2026\/01\/j-caja-f1-cuarzo-rutilado-jpg-1024x680.jpeg 1024w, http:\/\/minevindel.com\/wp-content\/uploads\/2026\/01\/j-caja-f1-cuarzo-rutilado-jpg-768x510.jpeg 768w\" sizes=\"auto, (max-width: 1299px) 100vw, 1299px\" \/><\/p>\n<p>Cuarzo rutilado. Colecci\u00f3n privada de E. Vindel.<\/p>\n<p><img loading=\"lazy\" decoding=\"async\" width=\"1299\" height=\"863\" class=\"wp-image-718\" src=\"http:\/\/minevindel.com\/wp-content\/uploads\/2026\/01\/j-caja-f2-cuarzo-hematoideo1-jpg.jpeg\" alt=\"J:\\Caja F2\\CUARZO HEMATOIDEO1.JPG\" srcset=\"http:\/\/minevindel.com\/wp-content\/uploads\/2026\/01\/j-caja-f2-cuarzo-hematoideo1-jpg.jpeg 1299w, http:\/\/minevindel.com\/wp-content\/uploads\/2026\/01\/j-caja-f2-cuarzo-hematoideo1-jpg-300x199.jpeg 300w, http:\/\/minevindel.com\/wp-content\/uploads\/2026\/01\/j-caja-f2-cuarzo-hematoideo1-jpg-1024x680.jpeg 1024w, http:\/\/minevindel.com\/wp-content\/uploads\/2026\/01\/j-caja-f2-cuarzo-hematoideo1-jpg-768x510.jpeg 768w\" sizes=\"auto, (max-width: 1299px) 100vw, 1299px\" \/><\/p>\n<p>Cuarzo hematoideo<strong>. <\/strong>Colecci\u00f3n privada de E. Vindel.<\/p>\n<p><img loading=\"lazy\" decoding=\"async\" width=\"1300\" height=\"853\" class=\"wp-image-719\" src=\"http:\/\/minevindel.com\/wp-content\/uploads\/2026\/01\/e-1_documentos-mineralogia-i-b-fotos-museo-dsc031.jpeg\" alt=\"E:\\1_DOCUMENTOS\\MINERALOGIA I B\\FOTOS MUSEO\\DSC03111.JPG\" srcset=\"http:\/\/minevindel.com\/wp-content\/uploads\/2026\/01\/e-1_documentos-mineralogia-i-b-fotos-museo-dsc031.jpeg 1300w, http:\/\/minevindel.com\/wp-content\/uploads\/2026\/01\/e-1_documentos-mineralogia-i-b-fotos-museo-dsc031-300x197.jpeg 300w, http:\/\/minevindel.com\/wp-content\/uploads\/2026\/01\/e-1_documentos-mineralogia-i-b-fotos-museo-dsc031-1024x672.jpeg 1024w, http:\/\/minevindel.com\/wp-content\/uploads\/2026\/01\/e-1_documentos-mineralogia-i-b-fotos-museo-dsc031-768x504.jpeg 768w\" sizes=\"auto, (max-width: 1300px) 100vw, 1300px\" \/><\/p>\n<p>Cuarzo hematoideo. Museo de Ciencias Naturales de \u00c1lava. Foto E. Vindel.<\/p>\n<p><img loading=\"lazy\" decoding=\"async\" width=\"1299\" height=\"863\" class=\"wp-image-720\" src=\"http:\/\/minevindel.com\/wp-content\/uploads\/2026\/01\/e-2_fotos-fotos-de-geologia-fotos-de-minerales-mi.jpeg\" alt=\"E:\\2_FOTOS\\FOTOS DE GEOLOGIA\\FOTOS DE MINERALES\\MINERALES CONCURSO\\DSC01273.JPG\" srcset=\"http:\/\/minevindel.com\/wp-content\/uploads\/2026\/01\/e-2_fotos-fotos-de-geologia-fotos-de-minerales-mi.jpeg 1299w, http:\/\/minevindel.com\/wp-content\/uploads\/2026\/01\/e-2_fotos-fotos-de-geologia-fotos-de-minerales-mi-300x199.jpeg 300w, http:\/\/minevindel.com\/wp-content\/uploads\/2026\/01\/e-2_fotos-fotos-de-geologia-fotos-de-minerales-mi-1024x680.jpeg 1024w, http:\/\/minevindel.com\/wp-content\/uploads\/2026\/01\/e-2_fotos-fotos-de-geologia-fotos-de-minerales-mi-768x510.jpeg 768w\" sizes=\"auto, (max-width: 1299px) 100vw, 1299px\" \/><\/p>\n<p>Cuarzo fibroso amarillo pseudomorfo del mineral crocidolita (variedad asbestiforme del anf\u00edbol). Colecci\u00f3n privada de E. Vindel.<\/p>\n<p><img loading=\"lazy\" decoding=\"async\" width=\"1299\" height=\"863\" class=\"wp-image-721\" src=\"http:\/\/minevindel.com\/wp-content\/uploads\/2026\/01\/g-2_fotos-minerales-concurso-elektra-44-geoda-con.jpeg\" alt=\"G:\\2_FOTOS\\MINERALES CONCURSO ELEKTRA\\44 Geoda con cuarzo.jpg.JPG\" srcset=\"http:\/\/minevindel.com\/wp-content\/uploads\/2026\/01\/g-2_fotos-minerales-concurso-elektra-44-geoda-con.jpeg 1299w, http:\/\/minevindel.com\/wp-content\/uploads\/2026\/01\/g-2_fotos-minerales-concurso-elektra-44-geoda-con-300x199.jpeg 300w, http:\/\/minevindel.com\/wp-content\/uploads\/2026\/01\/g-2_fotos-minerales-concurso-elektra-44-geoda-con-1024x680.jpeg 1024w, http:\/\/minevindel.com\/wp-content\/uploads\/2026\/01\/g-2_fotos-minerales-concurso-elektra-44-geoda-con-768x510.jpeg 768w\" sizes=\"auto, (max-width: 1299px) 100vw, 1299px\" \/><\/p>\n<p>Geoda de cuarzo. Colecci\u00f3n privada de E. Vindel.<\/p>\n<p><img loading=\"lazy\" decoding=\"async\" width=\"640\" height=\"480\" class=\"wp-image-722\" src=\"http:\/\/minevindel.com\/wp-content\/uploads\/2026\/01\/e-1_documentos-silicatos-imagenes-minerales-fotos-6.jpeg\" alt=\"E:\\1_DOCUMENTOS\\SILICATOS\\imagenes minerales\\FOTOS SILICATOS VISU\\calcedonia.jpg\" srcset=\"http:\/\/minevindel.com\/wp-content\/uploads\/2026\/01\/e-1_documentos-silicatos-imagenes-minerales-fotos-6.jpeg 640w, http:\/\/minevindel.com\/wp-content\/uploads\/2026\/01\/e-1_documentos-silicatos-imagenes-minerales-fotos-6-300x225.jpeg 300w\" sizes=\"auto, (max-width: 640px) 100vw, 640px\" \/><\/p>\n<p>Calcedonia. Colecci\u00f3n de la Universidad Complutense.<\/p>\n<p><img loading=\"lazy\" decoding=\"async\" width=\"1299\" height=\"863\" class=\"wp-image-723\" src=\"http:\/\/minevindel.com\/wp-content\/uploads\/2026\/01\/g-2_fotos-minerales-concurso-elektra-42-calcedoni.jpeg\" alt=\"G:\\2_FOTOS\\MINERALES CONCURSO ELEKTRA\\42 Calcedonia.jpg.JPG\" srcset=\"http:\/\/minevindel.com\/wp-content\/uploads\/2026\/01\/g-2_fotos-minerales-concurso-elektra-42-calcedoni.jpeg 1299w, http:\/\/minevindel.com\/wp-content\/uploads\/2026\/01\/g-2_fotos-minerales-concurso-elektra-42-calcedoni-300x199.jpeg 300w, http:\/\/minevindel.com\/wp-content\/uploads\/2026\/01\/g-2_fotos-minerales-concurso-elektra-42-calcedoni-1024x680.jpeg 1024w, http:\/\/minevindel.com\/wp-content\/uploads\/2026\/01\/g-2_fotos-minerales-concurso-elektra-42-calcedoni-768x510.jpeg 768w\" sizes=\"auto, (max-width: 1299px) 100vw, 1299px\" \/><\/p>\n<p>Calcedonia. Colecci\u00f3n privada de E. Vindel.<\/p>\n<p><img loading=\"lazy\" decoding=\"async\" width=\"1100\" height=\"880\" class=\"wp-image-724\" src=\"http:\/\/minevindel.com\/wp-content\/uploads\/2026\/01\/e-1_documentos-geoimagenes-ma-figura-20d-agata-j.jpeg\" alt=\"E:\\1_DOCUMENTOS\\GEOIMAGENES MA\\Figura 20D. Agata.jpg\" srcset=\"http:\/\/minevindel.com\/wp-content\/uploads\/2026\/01\/e-1_documentos-geoimagenes-ma-figura-20d-agata-j.jpeg 1100w, http:\/\/minevindel.com\/wp-content\/uploads\/2026\/01\/e-1_documentos-geoimagenes-ma-figura-20d-agata-j-300x240.jpeg 300w, http:\/\/minevindel.com\/wp-content\/uploads\/2026\/01\/e-1_documentos-geoimagenes-ma-figura-20d-agata-j-1024x819.jpeg 1024w, http:\/\/minevindel.com\/wp-content\/uploads\/2026\/01\/e-1_documentos-geoimagenes-ma-figura-20d-agata-j-768x614.jpeg 768w\" sizes=\"auto, (max-width: 1100px) 100vw, 1100px\" \/><\/p>\n<p>\u00c1gata. En el centro de la muestra cuarzo. Colecci\u00f3n privada de E. Vindel.<\/p>\n<p><img loading=\"lazy\" decoding=\"async\" width=\"1299\" height=\"863\" class=\"wp-image-725\" src=\"http:\/\/minevindel.com\/wp-content\/uploads\/2026\/01\/c-users-elena-vindel-desktop-caja-f4-agata-jpg.jpeg\" alt=\"C:\\Users\\ELENA VINDEL\\Desktop\\Caja F4\\AGATA.JPG\" srcset=\"http:\/\/minevindel.com\/wp-content\/uploads\/2026\/01\/c-users-elena-vindel-desktop-caja-f4-agata-jpg.jpeg 1299w, http:\/\/minevindel.com\/wp-content\/uploads\/2026\/01\/c-users-elena-vindel-desktop-caja-f4-agata-jpg-300x199.jpeg 300w, http:\/\/minevindel.com\/wp-content\/uploads\/2026\/01\/c-users-elena-vindel-desktop-caja-f4-agata-jpg-1024x680.jpeg 1024w, http:\/\/minevindel.com\/wp-content\/uploads\/2026\/01\/c-users-elena-vindel-desktop-caja-f4-agata-jpg-768x510.jpeg 768w\" sizes=\"auto, (max-width: 1299px) 100vw, 1299px\" \/><\/p>\n<p>\u00c1gata. Colecci\u00f3n privada de E. Vindel.<\/p>\n<p><img loading=\"lazy\" decoding=\"async\" width=\"1299\" height=\"974\" class=\"wp-image-726\" src=\"http:\/\/minevindel.com\/wp-content\/uploads\/2026\/01\/e-2_fotos-fotos-de-geologia-smitsonian-2006-agata.jpeg\" alt=\"E:\\2_FOTOS\\FOTOS DE GEOLOGIA\\SMITSONIAN 2006\\AGATAS.jpg\" srcset=\"http:\/\/minevindel.com\/wp-content\/uploads\/2026\/01\/e-2_fotos-fotos-de-geologia-smitsonian-2006-agata.jpeg 1299w, http:\/\/minevindel.com\/wp-content\/uploads\/2026\/01\/e-2_fotos-fotos-de-geologia-smitsonian-2006-agata-300x225.jpeg 300w, http:\/\/minevindel.com\/wp-content\/uploads\/2026\/01\/e-2_fotos-fotos-de-geologia-smitsonian-2006-agata-1024x768.jpeg 1024w, http:\/\/minevindel.com\/wp-content\/uploads\/2026\/01\/e-2_fotos-fotos-de-geologia-smitsonian-2006-agata-768x576.jpeg 768w\" sizes=\"auto, (max-width: 1299px) 100vw, 1299px\" \/><\/p>\n<p>Colecci\u00f3n de \u00e1gatas. Smithsonian Institution. Foto E. Vindel.<\/p>\n<p><img loading=\"lazy\" decoding=\"async\" width=\"806\" height=\"526\" class=\"wp-image-727\" src=\"http:\/\/minevindel.com\/wp-content\/uploads\/2026\/01\/word-image-705-22.png\" srcset=\"http:\/\/minevindel.com\/wp-content\/uploads\/2026\/01\/word-image-705-22.png 806w, http:\/\/minevindel.com\/wp-content\/uploads\/2026\/01\/word-image-705-22-300x196.png 300w, http:\/\/minevindel.com\/wp-content\/uploads\/2026\/01\/word-image-705-22-768x501.png 768w\" sizes=\"auto, (max-width: 806px) 100vw, 806px\" \/><\/p>\n<p>Madera f\u00f3sil o silicificada. Bosque Petrificado, Arizona. Foto E. Vindel.<\/p>\n<p><img loading=\"lazy\" decoding=\"async\" width=\"774\" height=\"524\" class=\"wp-image-728\" src=\"http:\/\/minevindel.com\/wp-content\/uploads\/2026\/01\/word-image-705-23.png\" srcset=\"http:\/\/minevindel.com\/wp-content\/uploads\/2026\/01\/word-image-705-23.png 774w, http:\/\/minevindel.com\/wp-content\/uploads\/2026\/01\/word-image-705-23-300x203.png 300w, http:\/\/minevindel.com\/wp-content\/uploads\/2026\/01\/word-image-705-23-768x520.png 768w\" sizes=\"auto, (max-width: 774px) 100vw, 774px\" \/><\/p>\n<p>Madera f\u00f3sil o silicificada. Bosque Petrificado, Arizona. Foto E. Vindel.<\/p>\n<p><img loading=\"lazy\" decoding=\"async\" width=\"1299\" height=\"863\" class=\"wp-image-729\" src=\"http:\/\/minevindel.com\/wp-content\/uploads\/2026\/01\/c-users-elena-vindel-desktop-caja-f4-silex-jpg.jpeg\" alt=\"C:\\Users\\ELENA VINDEL\\Desktop\\Caja F4\\SILEX.JPG\" srcset=\"http:\/\/minevindel.com\/wp-content\/uploads\/2026\/01\/c-users-elena-vindel-desktop-caja-f4-silex-jpg.jpeg 1299w, http:\/\/minevindel.com\/wp-content\/uploads\/2026\/01\/c-users-elena-vindel-desktop-caja-f4-silex-jpg-300x199.jpeg 300w, http:\/\/minevindel.com\/wp-content\/uploads\/2026\/01\/c-users-elena-vindel-desktop-caja-f4-silex-jpg-1024x680.jpeg 1024w, http:\/\/minevindel.com\/wp-content\/uploads\/2026\/01\/c-users-elena-vindel-desktop-caja-f4-silex-jpg-768x510.jpeg 768w\" sizes=\"auto, (max-width: 1299px) 100vw, 1299px\" \/><\/p>\n<p>S\u00edlex. Colecci\u00f3n privada de E. Vindel.<\/p>\n<p><img loading=\"lazy\" decoding=\"async\" width=\"1299\" height=\"863\" class=\"wp-image-730\" src=\"http:\/\/minevindel.com\/wp-content\/uploads\/2026\/01\/c-users-elena-vindel-pictures-4_fotosweb-geominer-27.jpeg\" alt=\"C:\\Users\\ELENA VINDEL\\Pictures\\4_FOTOSWEB\\Geominero 2\\DSC09536.JPG\" srcset=\"http:\/\/minevindel.com\/wp-content\/uploads\/2026\/01\/c-users-elena-vindel-pictures-4_fotosweb-geominer-27.jpeg 1299w, http:\/\/minevindel.com\/wp-content\/uploads\/2026\/01\/c-users-elena-vindel-pictures-4_fotosweb-geominer-27-300x199.jpeg 300w, http:\/\/minevindel.com\/wp-content\/uploads\/2026\/01\/c-users-elena-vindel-pictures-4_fotosweb-geominer-27-1024x680.jpeg 1024w, http:\/\/minevindel.com\/wp-content\/uploads\/2026\/01\/c-users-elena-vindel-pictures-4_fotosweb-geominer-27-768x510.jpeg 768w\" sizes=\"auto, (max-width: 1299px) 100vw, 1299px\" \/><\/p>\n<p>Cuarzo (var. Jaspe). Museo Geominero. Foto E. Vindel.<\/p>\n<p><strong>\u00d3PALO<\/strong><\/p>\n<p>F\u00f3rmula: SiO<sub>2<\/sub>\u00b7nH<sub>2<\/sub>O<\/p>\n<p>Sistema cristalino: El \u00f3palo es un mineraloide amorfo de silicio. Los \u00f3palos preciosos tienen esferas de s\u00edlice en empaquetamiento ordenado.<\/p>\n<p>Forma y h\u00e1bito: Macizo, muchas veces botroidal, estalact\u00edtico.<\/p>\n<p><strong>Propiedades f\u00edsicas: <\/strong><\/p>\n<p>Color: Incoloro, blanco, amarillo, rojo, pardo, verde, gris y azul. Tiene a veces aspecto lechoso y opalescente y con finas irisaciones.<\/p>\n<p>Fractura concoidea.<\/p>\n<p>Raya: Blanca<\/p>\n<p>Brillo: V\u00edtreo<\/p>\n<p>Dureza: <strong>H <\/strong>5 &#8211; 6<\/p>\n<p>Peso espec\u00edfico: <strong>G<\/strong> 2,0 \u2013 2,25 g\/cm<sup>3<\/sup><\/p>\n<p>A veces tiene fluorescencia.<\/p>\n<p><strong>Composici\u00f3n: <\/strong>El agua entre el 4 y 9%, puede llegar hasta el 20%.<\/p>\n<p><strong>Variedades:<\/strong><\/p>\n<p><strong>\u00d3palo com\u00fan:<\/strong> Blanco lechoso, amarillo, verde, rojo, negro, sin reflexiones internas.<\/p>\n<p><strong>\u00d3palo precioso: <\/strong>Se caracteriza por el brillo interno de sus colores, rojo, naranja, verde, azul.<\/p>\n<p><strong>\u00d3palo de fuego:<\/strong> Con intensos reflejos anaranjados o rojo.<\/p>\n<p><strong>Geyserita: <\/strong>\u00d3palo depositado en g\u00e9iseres.<\/p>\n<p><strong>Xil\u00f3palo: <\/strong>Madera f\u00f3sil con \u00f3palo.<\/p>\n<p><img loading=\"lazy\" decoding=\"async\" width=\"1299\" height=\"863\" class=\"wp-image-731\" src=\"http:\/\/minevindel.com\/wp-content\/uploads\/2026\/01\/e-1_documentos-gemas-fotos-gemas-fotos-5-c-jpg.jpeg\" alt=\"E:\\1_DOCUMENTOS\\GEMAS\\FOTOS GEMAS\\FOTOS 5\\C.JPG\" srcset=\"http:\/\/minevindel.com\/wp-content\/uploads\/2026\/01\/e-1_documentos-gemas-fotos-gemas-fotos-5-c-jpg.jpeg 1299w, http:\/\/minevindel.com\/wp-content\/uploads\/2026\/01\/e-1_documentos-gemas-fotos-gemas-fotos-5-c-jpg-300x199.jpeg 300w, http:\/\/minevindel.com\/wp-content\/uploads\/2026\/01\/e-1_documentos-gemas-fotos-gemas-fotos-5-c-jpg-1024x680.jpeg 1024w, http:\/\/minevindel.com\/wp-content\/uploads\/2026\/01\/e-1_documentos-gemas-fotos-gemas-fotos-5-c-jpg-768x510.jpeg 768w\" sizes=\"auto, (max-width: 1299px) 100vw, 1299px\" \/><\/p>\n<p>\u00d3palo com\u00fan con irisaciones azules. Coober Pedy, Australia. Foto E. Vindel.<\/p>\n<p><img loading=\"lazy\" decoding=\"async\" width=\"1299\" height=\"730\" class=\"wp-image-732\" src=\"http:\/\/minevindel.com\/wp-content\/uploads\/2026\/01\/g-2_fotos-usa-resumen-usa-2013-dsc05377-copia-j.jpeg\" alt=\"G:\\2_FOTOS\\USA\\RESUMEN USA 2013\\DSC05377 - copia.JPG\" srcset=\"http:\/\/minevindel.com\/wp-content\/uploads\/2026\/01\/g-2_fotos-usa-resumen-usa-2013-dsc05377-copia-j.jpeg 1299w, http:\/\/minevindel.com\/wp-content\/uploads\/2026\/01\/g-2_fotos-usa-resumen-usa-2013-dsc05377-copia-j-300x169.jpeg 300w, http:\/\/minevindel.com\/wp-content\/uploads\/2026\/01\/g-2_fotos-usa-resumen-usa-2013-dsc05377-copia-j-1024x575.jpeg 1024w, http:\/\/minevindel.com\/wp-content\/uploads\/2026\/01\/g-2_fotos-usa-resumen-usa-2013-dsc05377-copia-j-768x432.jpeg 768w\" sizes=\"auto, (max-width: 1299px) 100vw, 1299px\" \/><\/p>\n<p>\u00d3palo de fuego. Field Museum Chicago.<\/p>\n<p><img loading=\"lazy\" decoding=\"async\" width=\"1299\" height=\"863\" class=\"wp-image-733\" src=\"http:\/\/minevindel.com\/wp-content\/uploads\/2026\/01\/g-2_fotos-fotos-calendario-dsc05698-jpg.jpeg\" alt=\"G:\\2_FOTOS\\fotos calendario\\DSC05698.JPG\" srcset=\"http:\/\/minevindel.com\/wp-content\/uploads\/2026\/01\/g-2_fotos-fotos-calendario-dsc05698-jpg.jpeg 1299w, http:\/\/minevindel.com\/wp-content\/uploads\/2026\/01\/g-2_fotos-fotos-calendario-dsc05698-jpg-300x199.jpeg 300w, http:\/\/minevindel.com\/wp-content\/uploads\/2026\/01\/g-2_fotos-fotos-calendario-dsc05698-jpg-1024x680.jpeg 1024w, http:\/\/minevindel.com\/wp-content\/uploads\/2026\/01\/g-2_fotos-fotos-calendario-dsc05698-jpg-768x510.jpeg 768w\" sizes=\"auto, (max-width: 1299px) 100vw, 1299px\" \/><\/p>\n<p>Geyserita<strong>.<\/strong> Parque Nacional de Yellowstone, Estados Unidos. Foto E. Vindel.<\/p>\n<p><img loading=\"lazy\" decoding=\"async\" width=\"1299\" height=\"974\" class=\"wp-image-734\" src=\"http:\/\/minevindel.com\/wp-content\/uploads\/2026\/01\/g-2_fotos-fotos-de-geologia-fotos-museo-londres-x.jpeg\" alt=\"G:\\2_FOTOS\\FOTOS DE GEOLOGIA\\FOTOS MUSEO LONDRES\\XILOPALO4.JPG\" srcset=\"http:\/\/minevindel.com\/wp-content\/uploads\/2026\/01\/g-2_fotos-fotos-de-geologia-fotos-museo-londres-x.jpeg 1299w, http:\/\/minevindel.com\/wp-content\/uploads\/2026\/01\/g-2_fotos-fotos-de-geologia-fotos-museo-londres-x-300x225.jpeg 300w, http:\/\/minevindel.com\/wp-content\/uploads\/2026\/01\/g-2_fotos-fotos-de-geologia-fotos-museo-londres-x-1024x768.jpeg 1024w, http:\/\/minevindel.com\/wp-content\/uploads\/2026\/01\/g-2_fotos-fotos-de-geologia-fotos-museo-londres-x-768x576.jpeg 768w\" sizes=\"auto, (max-width: 1299px) 100vw, 1299px\" \/><\/p>\n<p>Xil\u00f3palo. Madera f\u00f3sil con \u00f3palo. Natural History Museum de Londres.<\/p>\n<p><img loading=\"lazy\" decoding=\"async\" width=\"1299\" height=\"863\" class=\"wp-image-735\" src=\"http:\/\/minevindel.com\/wp-content\/uploads\/2026\/01\/g-2_fotos-minerales-concurso-elektra-xilopalo-jpg.jpeg\" alt=\"G:\\2_FOTOS\\MINERALES CONCURSO ELEKTRA\\XILOPALO.JPG\" srcset=\"http:\/\/minevindel.com\/wp-content\/uploads\/2026\/01\/g-2_fotos-minerales-concurso-elektra-xilopalo-jpg.jpeg 1299w, http:\/\/minevindel.com\/wp-content\/uploads\/2026\/01\/g-2_fotos-minerales-concurso-elektra-xilopalo-jpg-300x199.jpeg 300w, http:\/\/minevindel.com\/wp-content\/uploads\/2026\/01\/g-2_fotos-minerales-concurso-elektra-xilopalo-jpg-1024x680.jpeg 1024w, http:\/\/minevindel.com\/wp-content\/uploads\/2026\/01\/g-2_fotos-minerales-concurso-elektra-xilopalo-jpg-768x510.jpeg 768w\" sizes=\"auto, (max-width: 1299px) 100vw, 1299px\" \/><\/p>\n<p>Xil\u00f3palo. Madera f\u00f3sil con \u00f3palo. Colecci\u00f3n privada de E. Vindel.<\/p>\n<p><strong>GRUPO DE LOS FELDESPATOS<\/strong><\/p>\n<p><strong>MICROCLINA<\/strong><\/p>\n<p>F\u00f3rmula: KAlSi<sub>3<\/sub>O<sub>8<\/sub><\/p>\n<p>Sistema cristalino: Tricl\u00ednico.<\/p>\n<p>Forma y h\u00e1bito: La forma y el h\u00e1bito son semejantes a los de la ortosa. Los cristales de microclina pueden estar maclados, seg\u00fan las leyes de ortosa, maclas de Carlsbad, Baveno, y Manebach. Tambi\u00e9n, la microclina puede maclarse seg\u00fan la ley de la periclina, eje b de macla [010] y puede maclarse seg\u00fan la ley de la albita con plano de macla (010). La microclina se encuentra en masas exfoliables y en granos irregulares.<\/p>\n<p><strong>Propiedades f\u00edsicas: <\/strong><\/p>\n<p>Color: Blanco a amarillo p\u00e1lido. La microclina verde recibe el nombre de amazonita<\/p>\n<p>Exfoliaci\u00f3n: {001} perfecta, {010}, buena, formando un \u00e1ngulo de 89\u00ba 30\u00b4.<\/p>\n<p>Raya: Blanca.<\/p>\n<p>Brillo: V\u00edtreo.<\/p>\n<p>Dureza: <strong>H <\/strong>6<\/p>\n<p>Peso espec\u00edfico: <strong>G<\/strong> 2,54 \u2013 2,57 g\/cm<sup>3<\/sup><\/p>\n<p><strong>Composici\u00f3n: <\/strong>K<sub>2<\/sub>O 16,9% Al<sub>2<\/sub>O<sub>3<\/sub> 18,4% SiO<sub>2<\/sub> 64,7%. Se produce sustituci\u00f3n del K por Na.<\/p>\n<p><img loading=\"lazy\" decoding=\"async\" width=\"1299\" height=\"974\" class=\"wp-image-736\" src=\"http:\/\/minevindel.com\/wp-content\/uploads\/2026\/01\/g-2_fotos-fotos-de-geologia-smitsonian-2006-micro.jpeg\" alt=\"G:\\2_FOTOS\\FOTOS DE GEOLOGIA\\SMITSONIAN 2006\\MICROCLINA AMAZONITA.jpg\" srcset=\"http:\/\/minevindel.com\/wp-content\/uploads\/2026\/01\/g-2_fotos-fotos-de-geologia-smitsonian-2006-micro.jpeg 1299w, http:\/\/minevindel.com\/wp-content\/uploads\/2026\/01\/g-2_fotos-fotos-de-geologia-smitsonian-2006-micro-300x225.jpeg 300w, http:\/\/minevindel.com\/wp-content\/uploads\/2026\/01\/g-2_fotos-fotos-de-geologia-smitsonian-2006-micro-1024x768.jpeg 1024w, http:\/\/minevindel.com\/wp-content\/uploads\/2026\/01\/g-2_fotos-fotos-de-geologia-smitsonian-2006-micro-768x576.jpeg 768w\" sizes=\"auto, (max-width: 1299px) 100vw, 1299px\" \/><\/p>\n<p>Microclina. A la derecha un ejemplar de microclina verde, variedad amazonita. Smithsonian Institution. Foto E. Vindel.<\/p>\n<p><img loading=\"lazy\" decoding=\"async\" width=\"1299\" height=\"863\" class=\"wp-image-737\" src=\"http:\/\/minevindel.com\/wp-content\/uploads\/2026\/01\/c-users-elena-vindel-pictures-4_fotosweb-geominer-28.jpeg\" alt=\"C:\\Users\\ELENA VINDEL\\Pictures\\4_FOTOSWEB\\Geominero 2\\DSC09529.JPG\" srcset=\"http:\/\/minevindel.com\/wp-content\/uploads\/2026\/01\/c-users-elena-vindel-pictures-4_fotosweb-geominer-28.jpeg 1299w, http:\/\/minevindel.com\/wp-content\/uploads\/2026\/01\/c-users-elena-vindel-pictures-4_fotosweb-geominer-28-300x199.jpeg 300w, http:\/\/minevindel.com\/wp-content\/uploads\/2026\/01\/c-users-elena-vindel-pictures-4_fotosweb-geominer-28-1024x680.jpeg 1024w, http:\/\/minevindel.com\/wp-content\/uploads\/2026\/01\/c-users-elena-vindel-pictures-4_fotosweb-geominer-28-768x510.jpeg 768w\" sizes=\"auto, (max-width: 1299px) 100vw, 1299px\" \/><\/p>\n<p>Amazonita. Museo Geominero. Foto E. Vindel.<\/p>\n<p><strong>ORTOSA<\/strong><\/p>\n<p>F\u00f3rmula: KAlSi<sub>3<\/sub>O<sub>8<\/sub><\/p>\n<p>Sistema cristalino: Monocl\u00ednico.<\/p>\n<p>Forma y h\u00e1bito: H\u00e1bito prism\u00e1tico. Maclados con frecuencia, seg\u00fan las leyes siguientes: Carlsbad, macla de compenetraci\u00f3n cuyo eje de macla es [001], Baveno, macla de contacto cuyo plano de macla es (021) y Manebach, macla de contacto cuyo plano de macla es (001). Por lo com\u00fan, aparecen en masas granulares.<\/p>\n<p><strong>Propiedades f\u00edsicas: <\/strong><\/p>\n<p>Color: Incoloro, blanco, gris, rosa.<\/p>\n<p>Exfoliaci\u00f3n: {001} perfecta, {010} buena y {110} imperfecta.<\/p>\n<p>Raya: Blanca.<\/p>\n<p>Brillo: V\u00edtreo.<\/p>\n<p>Dureza: <strong>H <\/strong>6<\/p>\n<p>Peso espec\u00edfico: <strong>G<\/strong> 2,57 g\/cm<sup>3<\/sup><\/p>\n<p><strong>Composici\u00f3n: <\/strong>Contiene peque\u00f1as cantidades de Na.<\/p>\n<p><img loading=\"lazy\" decoding=\"async\" width=\"1299\" height=\"883\" class=\"wp-image-738\" src=\"http:\/\/minevindel.com\/wp-content\/uploads\/2026\/01\/g-2_fotos-fotos-museo-vitoria-dsc03114-jpg.jpeg\" alt=\"G:\\2_FOTOS\\FOTOS MUSEO VITORIA\\DSC03114.JPG\" srcset=\"http:\/\/minevindel.com\/wp-content\/uploads\/2026\/01\/g-2_fotos-fotos-museo-vitoria-dsc03114-jpg.jpeg 1299w, http:\/\/minevindel.com\/wp-content\/uploads\/2026\/01\/g-2_fotos-fotos-museo-vitoria-dsc03114-jpg-300x204.jpeg 300w, http:\/\/minevindel.com\/wp-content\/uploads\/2026\/01\/g-2_fotos-fotos-museo-vitoria-dsc03114-jpg-1024x696.jpeg 1024w, http:\/\/minevindel.com\/wp-content\/uploads\/2026\/01\/g-2_fotos-fotos-museo-vitoria-dsc03114-jpg-768x522.jpeg 768w\" sizes=\"auto, (max-width: 1299px) 100vw, 1299px\" \/><\/p>\n<p>Ortosa. Museo de Ciencias Naturales de \u00c1lava. Foto E. Vindel.<\/p>\n<p><img loading=\"lazy\" decoding=\"async\" width=\"1299\" height=\"863\" class=\"wp-image-739\" src=\"http:\/\/minevindel.com\/wp-content\/uploads\/2026\/01\/c-users-elena-vindel-desktop-caja-f33-ortosa-jpg.jpeg\" alt=\"C:\\Users\\ELENA VINDEL\\Desktop\\Caja F33\\ORTOSA.JPG\" srcset=\"http:\/\/minevindel.com\/wp-content\/uploads\/2026\/01\/c-users-elena-vindel-desktop-caja-f33-ortosa-jpg.jpeg 1299w, http:\/\/minevindel.com\/wp-content\/uploads\/2026\/01\/c-users-elena-vindel-desktop-caja-f33-ortosa-jpg-300x199.jpeg 300w, http:\/\/minevindel.com\/wp-content\/uploads\/2026\/01\/c-users-elena-vindel-desktop-caja-f33-ortosa-jpg-1024x680.jpeg 1024w, http:\/\/minevindel.com\/wp-content\/uploads\/2026\/01\/c-users-elena-vindel-desktop-caja-f33-ortosa-jpg-768x510.jpeg 768w\" sizes=\"auto, (max-width: 1299px) 100vw, 1299px\" \/><\/p>\n<p>Cristal de ortosa con h\u00e1bito prism\u00e1tico corto. Colecci\u00f3n privada de E. Vindel.<\/p>\n<p><img loading=\"lazy\" decoding=\"async\" width=\"1299\" height=\"863\" class=\"wp-image-740\" src=\"http:\/\/minevindel.com\/wp-content\/uploads\/2026\/01\/c-users-miguel-angel-desktop-museo-de-vitoria-ort.jpeg\" alt=\"C:\\Users\\Miguel Angel\\Desktop\\Museo de Vitoria\\ORTOSA2.JPG\" srcset=\"http:\/\/minevindel.com\/wp-content\/uploads\/2026\/01\/c-users-miguel-angel-desktop-museo-de-vitoria-ort.jpeg 1299w, http:\/\/minevindel.com\/wp-content\/uploads\/2026\/01\/c-users-miguel-angel-desktop-museo-de-vitoria-ort-300x199.jpeg 300w, http:\/\/minevindel.com\/wp-content\/uploads\/2026\/01\/c-users-miguel-angel-desktop-museo-de-vitoria-ort-1024x680.jpeg 1024w, http:\/\/minevindel.com\/wp-content\/uploads\/2026\/01\/c-users-miguel-angel-desktop-museo-de-vitoria-ort-768x510.jpeg 768w\" sizes=\"auto, (max-width: 1299px) 100vw, 1299px\" \/><\/p>\n<p>Cristales de ortosa. Museo de Ciencias Naturales de \u00c1lava. Foto E. Vindel.<\/p>\n<p><img loading=\"lazy\" decoding=\"async\" width=\"1299\" height=\"863\" class=\"wp-image-741\" src=\"http:\/\/minevindel.com\/wp-content\/uploads\/2026\/01\/c-users-miguel-angel-desktop-museo-de-vitoria-ort-1.jpeg\" alt=\"C:\\Users\\Miguel Angel\\Desktop\\Museo de Vitoria\\ORTOSA.JPG\" srcset=\"http:\/\/minevindel.com\/wp-content\/uploads\/2026\/01\/c-users-miguel-angel-desktop-museo-de-vitoria-ort-1.jpeg 1299w, http:\/\/minevindel.com\/wp-content\/uploads\/2026\/01\/c-users-miguel-angel-desktop-museo-de-vitoria-ort-1-300x199.jpeg 300w, http:\/\/minevindel.com\/wp-content\/uploads\/2026\/01\/c-users-miguel-angel-desktop-museo-de-vitoria-ort-1-1024x680.jpeg 1024w, http:\/\/minevindel.com\/wp-content\/uploads\/2026\/01\/c-users-miguel-angel-desktop-museo-de-vitoria-ort-1-768x510.jpeg 768w\" sizes=\"auto, (max-width: 1299px) 100vw, 1299px\" \/><\/p>\n<p>Ortosa. Museo de Ciencias Naturales de \u00c1lava. Foto E. Vindel.<\/p>\n<p><img loading=\"lazy\" decoding=\"async\" width=\"640\" height=\"480\" class=\"wp-image-742\" src=\"http:\/\/minevindel.com\/wp-content\/uploads\/2026\/01\/g-1_documentos-silicatos-imagenes-minerales-fotos-12.jpeg\" alt=\"G:\\1_DOCUMENTOS\\SILICATOS\\imagenes minerales\\FOTOS SILICATOS VISU\\Minerales Visu 021.jpg\" srcset=\"http:\/\/minevindel.com\/wp-content\/uploads\/2026\/01\/g-1_documentos-silicatos-imagenes-minerales-fotos-12.jpeg 640w, http:\/\/minevindel.com\/wp-content\/uploads\/2026\/01\/g-1_documentos-silicatos-imagenes-minerales-fotos-12-300x225.jpeg 300w\" sizes=\"auto, (max-width: 640px) 100vw, 640px\" \/><\/p>\n<p>Granito con ortosa (rosa). Colecci\u00f3n de la Universidad Complutense.<\/p>\n<p><img loading=\"lazy\" decoding=\"async\" width=\"640\" height=\"480\" class=\"wp-image-743\" src=\"http:\/\/minevindel.com\/wp-content\/uploads\/2026\/01\/g-1_documentos-silicatos-imagenes-minerales-fotos-13.jpeg\" alt=\"G:\\1_DOCUMENTOS\\SILICATOS\\imagenes minerales\\FOTOS SILICATOS VISU\\ortosa.jpg\" srcset=\"http:\/\/minevindel.com\/wp-content\/uploads\/2026\/01\/g-1_documentos-silicatos-imagenes-minerales-fotos-13.jpeg 640w, http:\/\/minevindel.com\/wp-content\/uploads\/2026\/01\/g-1_documentos-silicatos-imagenes-minerales-fotos-13-300x225.jpeg 300w\" sizes=\"auto, (max-width: 640px) 100vw, 640px\" \/><\/p>\n<p>Ortosa. Colecci\u00f3n de la Universidad Complutense.<\/p>\n<p><strong><img loading=\"lazy\" decoding=\"async\" width=\"1299\" height=\"863\" class=\"wp-image-744\" src=\"http:\/\/minevindel.com\/wp-content\/uploads\/2026\/01\/f-caja-f1-ortosa-cuarzo-jpg.jpeg\" alt=\"F:\\Caja F1\\ORTOSA CUARZO.JPG\" srcset=\"http:\/\/minevindel.com\/wp-content\/uploads\/2026\/01\/f-caja-f1-ortosa-cuarzo-jpg.jpeg 1299w, http:\/\/minevindel.com\/wp-content\/uploads\/2026\/01\/f-caja-f1-ortosa-cuarzo-jpg-300x199.jpeg 300w, http:\/\/minevindel.com\/wp-content\/uploads\/2026\/01\/f-caja-f1-ortosa-cuarzo-jpg-1024x680.jpeg 1024w, http:\/\/minevindel.com\/wp-content\/uploads\/2026\/01\/f-caja-f1-ortosa-cuarzo-jpg-768x510.jpeg 768w\" sizes=\"auto, (max-width: 1299px) 100vw, 1299px\" \/><\/strong><\/p>\n<p>Ortosa (rosa) y cuarzo (blanco). Colecci\u00f3n privada de E. Vindel.<\/p>\n<p><strong>ALBITA &#8211; ANORTITA<\/strong><\/p>\n<p>F\u00f3rmula: NaAlSi<sub>3<\/sub>O<sub>8 <\/sub>\u2013 CaAl<sub>2<\/sub>Si<sub>2<\/sub>O<sub>8<\/sub><\/p>\n<p>Sistema cristalino: Tricl\u00ednico.<\/p>\n<p>Forma y h\u00e1bito: Los cristales est\u00e1n maclados seg\u00fan las leyes de macla de la ortosa, Carlsbad: macla de compenetraci\u00f3n cuyo eje de macla es [001], que es bastante com\u00fan, Baveno: macla de contacto cuyo plano de macla es (021) y Manebach: macla de contacto cuyo plano de macla es (001), ambas menos comunes.<\/p>\n<p>Adem\u00e1s, est\u00e1n casi siempre macladas seg\u00fan la ley de la periclina, eje de macla [010]. La albita maclada con plano de macla (010) es frecuentemente polisint\u00e9tica. Por lo com\u00fan aparecen masas exfoliables, macladas o granos irregulares.<\/p>\n<p><strong>Propiedades f\u00edsicas: <\/strong><\/p>\n<p>Color: Incoloro, blanco, gris lo m\u00e1s com\u00fan. Tambi\u00e9n azul, rojo carne, verdoso, amarillento.<\/p>\n<p>Exfoliaci\u00f3n: {001} perfecta y {010} buena.<\/p>\n<p>Fractura concoidea, irregular.<\/p>\n<p>Raya: Blanca.<\/p>\n<p>Brillo: V\u00edtreo a perlado.<\/p>\n<p>Dureza: <strong>H <\/strong>6<\/p>\n<p>Peso espec\u00edfico: <strong>G<\/strong> 2,62 g\/cm<sup>3<\/sup> en la albita hasta 2,76 g\/cm<sup>3<\/sup> en la anortita<\/p>\n<p><strong>Composici\u00f3n: <\/strong>Serie completa de soluci\u00f3n s\u00f3lida, que va desde la albita NaAlSi<sub>3<\/sub>O<sub>8<\/sub> a la anortita CaAl<sub>2<\/sub>Si<sub>2<\/sub>O<sub>8<\/sub> a elevadas temperaturas (oligoclasa, andesina, labradorita, bitownita).<\/p>\n<p><img loading=\"lazy\" decoding=\"async\" width=\"1299\" height=\"863\" class=\"wp-image-745\" src=\"http:\/\/minevindel.com\/wp-content\/uploads\/2026\/01\/c-users-elena-vindel-desktop-geominero-dsc09475-j.jpeg\" alt=\"C:\\Users\\ELENA VINDEL\\Desktop\\Geominero\\DSC09475.JPG\" srcset=\"http:\/\/minevindel.com\/wp-content\/uploads\/2026\/01\/c-users-elena-vindel-desktop-geominero-dsc09475-j.jpeg 1299w, http:\/\/minevindel.com\/wp-content\/uploads\/2026\/01\/c-users-elena-vindel-desktop-geominero-dsc09475-j-300x199.jpeg 300w, http:\/\/minevindel.com\/wp-content\/uploads\/2026\/01\/c-users-elena-vindel-desktop-geominero-dsc09475-j-1024x680.jpeg 1024w, http:\/\/minevindel.com\/wp-content\/uploads\/2026\/01\/c-users-elena-vindel-desktop-geominero-dsc09475-j-768x510.jpeg 768w\" sizes=\"auto, (max-width: 1299px) 100vw, 1299px\" \/><\/p>\n<p>Albita (var. Oligoclasa). Museo Geominero. Foto E. Vindel.<\/p>\n<p><img loading=\"lazy\" decoding=\"async\" width=\"1299\" height=\"863\" class=\"wp-image-746\" src=\"http:\/\/minevindel.com\/wp-content\/uploads\/2026\/01\/c-users-elena-vindel-desktop-geominero-anortita-j.jpeg\" alt=\"C:\\Users\\ELENA VINDEL\\Desktop\\Geominero\\ANORTITA.JPG\" srcset=\"http:\/\/minevindel.com\/wp-content\/uploads\/2026\/01\/c-users-elena-vindel-desktop-geominero-anortita-j.jpeg 1299w, http:\/\/minevindel.com\/wp-content\/uploads\/2026\/01\/c-users-elena-vindel-desktop-geominero-anortita-j-300x199.jpeg 300w, http:\/\/minevindel.com\/wp-content\/uploads\/2026\/01\/c-users-elena-vindel-desktop-geominero-anortita-j-1024x680.jpeg 1024w, http:\/\/minevindel.com\/wp-content\/uploads\/2026\/01\/c-users-elena-vindel-desktop-geominero-anortita-j-768x510.jpeg 768w\" sizes=\"auto, (max-width: 1299px) 100vw, 1299px\" \/><\/p>\n<p>Anortita (var. Labradorita). Museo Geominero. Foto E. Vindel.<\/p>\n<p><strong>GRUPO DE FELDESPATOIDES<\/strong><\/p>\n<p><strong>LEUCITA<\/strong><\/p>\n<p>F\u00f3rmula: KAlSi<sub>2<\/sub>O<sub>6 <\/sub><\/p>\n<p>Sistema cristalino: Tetragonal.<\/p>\n<p>Forma y h\u00e1bito: Por lo regular se encuentran cristales trapezo\u00e9dricos.<\/p>\n<p><strong>Propiedades f\u00edsicas: <\/strong><\/p>\n<p>Color: Blanco a gris.<\/p>\n<p>Exfoliaci\u00f3n: {110} pobre, pseudododecaedro.<\/p>\n<p>Fractura concoidea.<\/p>\n<p>Brillo: V\u00edtreo a mate.<\/p>\n<p>Raya: Blanca.<\/p>\n<p>Dureza: <strong>H <\/strong>5,5 \u2013 6<\/p>\n<p>Peso espec\u00edfico: <strong>G<\/strong> 2,47 g\/cm<sup>3<\/sup><\/p>\n<p><strong>Composici\u00f3n: <\/strong>K<sub>2<\/sub>O 21,5% Al<sub>2<\/sub>O<sub>3<\/sub> 23,5% SiO<sub>2<\/sub> 55,0%. Peque\u00f1as cantidades de Na pueden remplazar al K.<\/p>\n<p><img loading=\"lazy\" decoding=\"async\" width=\"1299\" height=\"863\" class=\"wp-image-747\" src=\"http:\/\/minevindel.com\/wp-content\/uploads\/2026\/01\/c-users-elena-vindel-desktop-geominero-leucita2-j.jpeg\" alt=\"C:\\Users\\ELENA VINDEL\\Desktop\\Geominero\\LEUCITA2.JPG\" srcset=\"http:\/\/minevindel.com\/wp-content\/uploads\/2026\/01\/c-users-elena-vindel-desktop-geominero-leucita2-j.jpeg 1299w, http:\/\/minevindel.com\/wp-content\/uploads\/2026\/01\/c-users-elena-vindel-desktop-geominero-leucita2-j-300x199.jpeg 300w, http:\/\/minevindel.com\/wp-content\/uploads\/2026\/01\/c-users-elena-vindel-desktop-geominero-leucita2-j-1024x680.jpeg 1024w, http:\/\/minevindel.com\/wp-content\/uploads\/2026\/01\/c-users-elena-vindel-desktop-geominero-leucita2-j-768x510.jpeg 768w\" sizes=\"auto, (max-width: 1299px) 100vw, 1299px\" \/><\/p>\n<p>Leucita. Museo Geominero. Foto E. Vindel.<\/p>\n<p><strong>NEFELINA<\/strong><\/p>\n<p>F\u00f3rmula: (Na,K)AlSiO<sub>4 <\/sub><\/p>\n<p>Sistema cristalino: Hexagonal<\/p>\n<p>Forma y h\u00e1bito: Casi nunca se encuentra en cristales prism\u00e1ticos peque\u00f1os. Normalmente es macizo, compacto y en granos incrustados.<\/p>\n<p><strong>Propiedades f\u00edsicas: <\/strong><\/p>\n<p>Color: Incoloro, blanco y amarillento.<\/p>\n<p>Exfoliaci\u00f3n: {1010} pobre.<\/p>\n<p>Fractura subconcoidea.<\/p>\n<p>Raya: Blanca.<\/p>\n<p>Brillo: V\u00edtreo a graso.<\/p>\n<p>Dureza: <strong>H <\/strong>5,5 \u2013 6<\/p>\n<p>Peso espec\u00edfico: <strong>G<\/strong> 2,60 \u2013 2,65 g\/cm<sup>3<\/sup><\/p>\n<p><strong>Composici\u00f3n: <\/strong>Na<sub>2<\/sub>O 21,8% Al<sub>2<\/sub>O<sub>3<\/sub> 35,9% SiO<sub>2<\/sub> 42,3%. La cantidad de K puede oscilar desde el 3 al 12% de K<sub>2<\/sub>O.<\/p>\n<p><img loading=\"lazy\" decoding=\"async\" width=\"1299\" height=\"863\" class=\"wp-image-748\" src=\"http:\/\/minevindel.com\/wp-content\/uploads\/2026\/01\/c-users-elena-vindel-desktop-geominero-nefelina-j.jpeg\" alt=\"C:\\Users\\ELENA VINDEL\\Desktop\\Geominero\\NEFELINA.JPG\" srcset=\"http:\/\/minevindel.com\/wp-content\/uploads\/2026\/01\/c-users-elena-vindel-desktop-geominero-nefelina-j.jpeg 1299w, http:\/\/minevindel.com\/wp-content\/uploads\/2026\/01\/c-users-elena-vindel-desktop-geominero-nefelina-j-300x199.jpeg 300w, http:\/\/minevindel.com\/wp-content\/uploads\/2026\/01\/c-users-elena-vindel-desktop-geominero-nefelina-j-1024x680.jpeg 1024w, http:\/\/minevindel.com\/wp-content\/uploads\/2026\/01\/c-users-elena-vindel-desktop-geominero-nefelina-j-768x510.jpeg 768w\" sizes=\"auto, (max-width: 1299px) 100vw, 1299px\" \/><\/p>\n<p>Cristales hexagonales de nefelina (blanco) con turmalina negra (var. chorlo). Museo Geominero. Foto E. Vindel.<\/p>\n<p><img loading=\"lazy\" decoding=\"async\" width=\"1299\" height=\"863\" class=\"wp-image-749\" src=\"http:\/\/minevindel.com\/wp-content\/uploads\/2026\/01\/c-users-elena-vindel-desktop-geominero-nefelina2-.jpeg\" alt=\"C:\\Users\\ELENA VINDEL\\Desktop\\Geominero\\NEFELINA2.JPG\" srcset=\"http:\/\/minevindel.com\/wp-content\/uploads\/2026\/01\/c-users-elena-vindel-desktop-geominero-nefelina2-.jpeg 1299w, http:\/\/minevindel.com\/wp-content\/uploads\/2026\/01\/c-users-elena-vindel-desktop-geominero-nefelina2--300x199.jpeg 300w, http:\/\/minevindel.com\/wp-content\/uploads\/2026\/01\/c-users-elena-vindel-desktop-geominero-nefelina2--1024x680.jpeg 1024w, http:\/\/minevindel.com\/wp-content\/uploads\/2026\/01\/c-users-elena-vindel-desktop-geominero-nefelina2--768x510.jpeg 768w\" sizes=\"auto, (max-width: 1299px) 100vw, 1299px\" \/><\/p>\n<p>Nefelina (blanco) en sienita nefel\u00ednica. Museo Geominero. Foto E. Vindel.<\/p>\n<p><strong>SODALITA<\/strong><\/p>\n<p>F\u00f3rmula: Na<sub>8 <\/sub>(AlSiO<sub>4<\/sub>)<sub>6<\/sub>Cl<sub>2 <\/sub><\/p>\n<p>Sistema cristalino: C\u00fabico.<\/p>\n<p>Forma y h\u00e1bito: Casi nunca se encuentra en cristales dodeca\u00e9dricos. Normalmente en masa y en granos incrustados.<\/p>\n<p><strong>Propiedades f\u00edsicas: <\/strong><\/p>\n<p>Color: Azul, tambi\u00e9n blanco, gris y verde.<\/p>\n<p>Exfoliaci\u00f3n: {011} d\u00e9bil.<\/p>\n<p>Fractura irregular, concoidea.<\/p>\n<p>Raya: Blanca.<\/p>\n<p>Brillo: V\u00edtreo a graso.<\/p>\n<p>Dureza: <strong>H <\/strong>5,5 \u2013 6<\/p>\n<p>Peso espec\u00edfico: <strong>G<\/strong> 2,15 \u2013 2,3 g\/cm<sup>3<\/sup><\/p>\n<p><strong>Composici\u00f3n: <\/strong>Na<sub>2<\/sub>O 25,6% Al<sub>2<\/sub>O<sub>3<\/sub> 31,6% SiO<sub>2<\/sub> 37,2% Cl 7,3. Peque\u00f1as sustituciones de Na por K.<\/p>\n<p><img loading=\"lazy\" decoding=\"async\" width=\"640\" height=\"480\" class=\"wp-image-750\" src=\"http:\/\/minevindel.com\/wp-content\/uploads\/2026\/01\/e-1_documentos-silicatos-imagenes-minerales-fotos-7.jpeg\" alt=\"E:\\1_DOCUMENTOS\\SILICATOS\\imagenes minerales\\FOTOS SILICATOS VISU\\sodalita.jpg\" srcset=\"http:\/\/minevindel.com\/wp-content\/uploads\/2026\/01\/e-1_documentos-silicatos-imagenes-minerales-fotos-7.jpeg 640w, http:\/\/minevindel.com\/wp-content\/uploads\/2026\/01\/e-1_documentos-silicatos-imagenes-minerales-fotos-7-300x225.jpeg 300w\" sizes=\"auto, (max-width: 640px) 100vw, 640px\" \/><\/p>\n<p>Sodalita. Colecci\u00f3n de la Universidad Complutense.<\/p>\n<p><strong>GRUPO DE LAS ZEOLITAS<\/strong><\/p>\n<p>Las zeolitas constituyen un grupo silicatos hidratados. Son silicatos alum\u00ednicos con Na, K, Ca y cantidades variables de H<sub>2<\/sub>O.<\/p>\n<p><strong>HEULANDITA<\/strong><\/p>\n<p>F\u00f3rmula: CaAl<sub>2<\/sub>Si<sub>7<\/sub>O<sub>18<\/sub>6H<sub>2<\/sub>O<\/p>\n<p>Sistema cristalino: Monocl\u00ednico.<\/p>\n<p>Forma y h\u00e1bito: Cristales en forma de rombo, porque los cristales simulan simetr\u00eda r\u00f3mbica. Agregados hojosos o granulares. Cristales tabulares.<\/p>\n<p><strong>Propiedades f\u00edsicas: <\/strong><\/p>\n<p>Color: Incoloro, blanco amarillento y rojo<\/p>\n<p>Exfoliaci\u00f3n: {010}perfecta.<\/p>\n<p>Raya: Blanca.<\/p>\n<p>Brillo: V\u00edtreo, perlado.<\/p>\n<p>Dureza: <strong>H <\/strong>3,5 \u2013 4<\/p>\n<p>Peso espec\u00edfico: <strong>G<\/strong> 2,18 \u2013 2,2 g\/cm<sup>3<\/sup><\/p>\n<p><strong>Composici\u00f3n: <\/strong>Hay una importante variaci\u00f3n Si\/Al asociado con Ca y Na. La estructura tiene varios canales, que alojan H<sub>2<\/sub>O y Ca.<\/p>\n<p><strong><img loading=\"lazy\" decoding=\"async\" width=\"1299\" height=\"863\" class=\"wp-image-751\" src=\"http:\/\/minevindel.com\/wp-content\/uploads\/2026\/01\/c-users-elena-vindel-desktop-caja-f1-heulandita-j.jpeg\" alt=\"C:\\Users\\ELENA VINDEL\\Desktop\\Caja F1\\HEULANDITA.JPG\" srcset=\"http:\/\/minevindel.com\/wp-content\/uploads\/2026\/01\/c-users-elena-vindel-desktop-caja-f1-heulandita-j.jpeg 1299w, http:\/\/minevindel.com\/wp-content\/uploads\/2026\/01\/c-users-elena-vindel-desktop-caja-f1-heulandita-j-300x199.jpeg 300w, http:\/\/minevindel.com\/wp-content\/uploads\/2026\/01\/c-users-elena-vindel-desktop-caja-f1-heulandita-j-1024x680.jpeg 1024w, http:\/\/minevindel.com\/wp-content\/uploads\/2026\/01\/c-users-elena-vindel-desktop-caja-f1-heulandita-j-768x510.jpeg 768w\" sizes=\"auto, (max-width: 1299px) 100vw, 1299px\" \/><\/strong><\/p>\n<p>Heulandita con brillo perlado. Colecci\u00f3n privada de E. Vindel.<\/p>\n","protected":false},"excerpt":{"rendered":"<p>13. TECTOSILICATOS GRUPO DEL SiO2 CUARZO F\u00f3rmula: SiO2 Sistema cristalino: Trigonal. Forma y h\u00e1bito: Los cristales son prism\u00e1ticos. Los cuarzos maclados son las maclas de compenetraci\u00f3n y de contacto. La del Delfinado, {0001}, es el eje de la macla y la del Brasil, es el plano de plano, {1120}, son maclas de compenetraci\u00f3n. Ambas se&hellip; <a class=\"more-link\" href=\"http:\/\/minevindel.com\/index.php\/tema-13\/\">Seguir leyendo <span class=\"screen-reader-text\">Tema 13<\/span><\/a><\/p>\n","protected":false},"author":1,"featured_media":0,"parent":0,"menu_order":0,"comment_status":"closed","ping_status":"closed","template":"","meta":{"footnotes":""},"class_list":["post-705","page","type-page","status-publish","hentry","entry"],"_links":{"self":[{"href":"http:\/\/minevindel.com\/index.php\/wp-json\/wp\/v2\/pages\/705","targetHints":{"allow":["GET"]}}],"collection":[{"href":"http:\/\/minevindel.com\/index.php\/wp-json\/wp\/v2\/pages"}],"about":[{"href":"http:\/\/minevindel.com\/index.php\/wp-json\/wp\/v2\/types\/page"}],"author":[{"embeddable":true,"href":"http:\/\/minevindel.com\/index.php\/wp-json\/wp\/v2\/users\/1"}],"replies":[{"embeddable":true,"href":"http:\/\/minevindel.com\/index.php\/wp-json\/wp\/v2\/comments?post=705"}],"version-history":[{"count":2,"href":"http:\/\/minevindel.com\/index.php\/wp-json\/wp\/v2\/pages\/705\/revisions"}],"predecessor-version":[{"id":993,"href":"http:\/\/minevindel.com\/index.php\/wp-json\/wp\/v2\/pages\/705\/revisions\/993"}],"wp:attachment":[{"href":"http:\/\/minevindel.com\/index.php\/wp-json\/wp\/v2\/media?parent=705"}],"curies":[{"name":"wp","href":"https:\/\/api.w.org\/{rel}","templated":true}]}}