{"id":572,"date":"2026-03-21T18:40:59","date_gmt":"2026-03-21T18:40:59","guid":{"rendered":"https:\/\/minevindel.com\/?page_id=572"},"modified":"2026-03-21T18:40:59","modified_gmt":"2026-03-21T18:40:59","slug":"tema-6","status":"publish","type":"page","link":"http:\/\/minevindel.com\/index.php\/tema-6\/","title":{"rendered":"Tema 6"},"content":{"rendered":"\n<p><\/p>\n\n\n<p><strong>6. SULFATOS, CROMATOS, MOLIBDATOS, WOLFRAMATOS<\/strong><\/p>\n<p><strong>SULFATOS<\/strong><\/p>\n<p><strong>YESO<\/strong><\/p>\n<p>F\u00f3rmula: CaSO<sub>4<\/sub>2H<sub>2<\/sub>O<\/p>\n<p>Sistema cristalino: Monocl\u00ednico.<\/p>\n<p>Forma y h\u00e1bito: Los cristales son de h\u00e1bito sencillo prism\u00e1tico, tabular, granular o fibroso. Maclas frecuentes en forma de \u201ccola de golondrina\u201d {100}.<\/p>\n<p><strong>Propiedades f\u00edsicas: <\/strong><\/p>\n<p>Color: Incoloro, blanco o gris. Puede tener diversas tonalidades, amarillo o rojo casta\u00f1o por impurezas.<\/p>\n<p>Exfoliaci\u00f3n: Tres exfoliaciones en cuatro direcciones: {010} perfecta, {100} buena, dos exfoliaciones buenas, paralelas a {111}a \u00e1ngulos de 42 y 138\u00ba.<\/p>\n<p>Raya: Blanca.<\/p>\n<p>Brillo: V\u00edtreo, yeso fibroso brillo sedoso.<\/p>\n<p>Dureza: <strong>H <\/strong>2<\/p>\n<p>Peso espec\u00edfico: <strong>G<\/strong> 2,32 g\/cm<sup>3<\/sup><\/p>\n<p><strong>Variedades:<\/strong> El alabastro es una variedad de grano fino, la selenita es una variedad en hojas de exfoliaci\u00f3n transparentes y la rosa del desierto es un agregado de cristales lenticulares con la superficie cubierta por arena sil\u00edcea.<\/p>\n<p><strong>Composici\u00f3n: <\/strong>CaO 32,6% SO<sub>3<\/sub> 46,5%, H<sub>2<\/sub>O 20,9%.<\/p>\n<p><img loading=\"lazy\" decoding=\"async\" width=\"1299\" height=\"863\" class=\"wp-image-942\" src=\"http:\/\/minevindel.com\/wp-content\/uploads\/2026\/03\/g-2_fotos-minerales-concurso-elektra-14-rosa-del.jpeg\" alt=\"G:\\2_FOTOS\\MINERALES CONCURSO ELEKTRA\\14 Rosa del Desierto 1.jpg.JPG\" srcset=\"http:\/\/minevindel.com\/wp-content\/uploads\/2026\/03\/g-2_fotos-minerales-concurso-elektra-14-rosa-del.jpeg 1299w, http:\/\/minevindel.com\/wp-content\/uploads\/2026\/03\/g-2_fotos-minerales-concurso-elektra-14-rosa-del-300x199.jpeg 300w, http:\/\/minevindel.com\/wp-content\/uploads\/2026\/03\/g-2_fotos-minerales-concurso-elektra-14-rosa-del-1024x680.jpeg 1024w, http:\/\/minevindel.com\/wp-content\/uploads\/2026\/03\/g-2_fotos-minerales-concurso-elektra-14-rosa-del-768x510.jpeg 768w\" sizes=\"auto, (max-width: 1299px) 100vw, 1299px\" \/><\/p>\n<p>Rosa del desierto. Agrupaci\u00f3n de cristales de yeso aplanados con la superficie cubierta por arena sil\u00edcea. Colecci\u00f3n privada de E. Vindel.<\/p>\n<p><img loading=\"lazy\" decoding=\"async\" width=\"1299\" height=\"863\" class=\"wp-image-943\" src=\"http:\/\/minevindel.com\/wp-content\/uploads\/2026\/03\/g-2_fotos-minerales-concurso-elektra-rosa-desiert.jpeg\" alt=\"G:\\2_FOTOS\\MINERALES CONCURSO ELEKTRA\\ROSA DESIERTO.JPG\" srcset=\"http:\/\/minevindel.com\/wp-content\/uploads\/2026\/03\/g-2_fotos-minerales-concurso-elektra-rosa-desiert.jpeg 1299w, http:\/\/minevindel.com\/wp-content\/uploads\/2026\/03\/g-2_fotos-minerales-concurso-elektra-rosa-desiert-300x199.jpeg 300w, http:\/\/minevindel.com\/wp-content\/uploads\/2026\/03\/g-2_fotos-minerales-concurso-elektra-rosa-desiert-1024x680.jpeg 1024w, http:\/\/minevindel.com\/wp-content\/uploads\/2026\/03\/g-2_fotos-minerales-concurso-elektra-rosa-desiert-768x510.jpeg 768w\" sizes=\"auto, (max-width: 1299px) 100vw, 1299px\" \/><\/p>\n<p>Rosa del desierto. Agrupaci\u00f3n de cristales de yeso aplanados con la superficie cubierta por arena sil\u00edcea. Colecci\u00f3n privada de E. Vindel.<\/p>\n<p><img loading=\"lazy\" decoding=\"async\" width=\"1299\" height=\"863\" class=\"wp-image-944\" src=\"http:\/\/minevindel.com\/wp-content\/uploads\/2026\/03\/c-users-elena-vindel-desktop-caja-f4-dsc09325-jpg.jpeg\" alt=\"C:\\Users\\ELENA VINDEL\\Desktop\\Caja F4\\DSC09325.JPG\" srcset=\"http:\/\/minevindel.com\/wp-content\/uploads\/2026\/03\/c-users-elena-vindel-desktop-caja-f4-dsc09325-jpg.jpeg 1299w, http:\/\/minevindel.com\/wp-content\/uploads\/2026\/03\/c-users-elena-vindel-desktop-caja-f4-dsc09325-jpg-300x199.jpeg 300w, http:\/\/minevindel.com\/wp-content\/uploads\/2026\/03\/c-users-elena-vindel-desktop-caja-f4-dsc09325-jpg-1024x680.jpeg 1024w, http:\/\/minevindel.com\/wp-content\/uploads\/2026\/03\/c-users-elena-vindel-desktop-caja-f4-dsc09325-jpg-768x510.jpeg 768w\" sizes=\"auto, (max-width: 1299px) 100vw, 1299px\" \/><\/p>\n<p>Rosa del desierto. Cristales tabulares, aplanados de yeso. Colecci\u00f3n privada de E. Vindel.<\/p>\n<p><img loading=\"lazy\" decoding=\"async\" width=\"1100\" height=\"880\" class=\"wp-image-945\" src=\"http:\/\/minevindel.com\/wp-content\/uploads\/2026\/03\/g-1_documentos-geoimagenes-geoimagenes-ma-figura.jpeg\" alt=\"G:\\1_DOCUMENTOS\\GEOIMAGENES\\GEOIMAGENES MA\\Figura 13B. Yeso variedad selenita.JPG\" srcset=\"http:\/\/minevindel.com\/wp-content\/uploads\/2026\/03\/g-1_documentos-geoimagenes-geoimagenes-ma-figura.jpeg 1100w, http:\/\/minevindel.com\/wp-content\/uploads\/2026\/03\/g-1_documentos-geoimagenes-geoimagenes-ma-figura-300x240.jpeg 300w, http:\/\/minevindel.com\/wp-content\/uploads\/2026\/03\/g-1_documentos-geoimagenes-geoimagenes-ma-figura-1024x819.jpeg 1024w, http:\/\/minevindel.com\/wp-content\/uploads\/2026\/03\/g-1_documentos-geoimagenes-geoimagenes-ma-figura-768x614.jpeg 768w\" sizes=\"auto, (max-width: 1100px) 100vw, 1100px\" \/><\/p>\n<p>Selenita. Yeso laminar transparente. Colecci\u00f3n privada de E. Vindel.<\/p>\n<p><strong><img loading=\"lazy\" decoding=\"async\" width=\"1299\" height=\"863\" class=\"wp-image-946\" src=\"http:\/\/minevindel.com\/wp-content\/uploads\/2026\/03\/c-users-elena-vindel-desktop-caja-f1-yeso-prismat.jpeg\" alt=\"C:\\Users\\ELENA VINDEL\\Desktop\\Caja F1\\YESO PRISMATICO.JPG\" srcset=\"http:\/\/minevindel.com\/wp-content\/uploads\/2026\/03\/c-users-elena-vindel-desktop-caja-f1-yeso-prismat.jpeg 1299w, http:\/\/minevindel.com\/wp-content\/uploads\/2026\/03\/c-users-elena-vindel-desktop-caja-f1-yeso-prismat-300x199.jpeg 300w, http:\/\/minevindel.com\/wp-content\/uploads\/2026\/03\/c-users-elena-vindel-desktop-caja-f1-yeso-prismat-1024x680.jpeg 1024w, http:\/\/minevindel.com\/wp-content\/uploads\/2026\/03\/c-users-elena-vindel-desktop-caja-f1-yeso-prismat-768x510.jpeg 768w\" sizes=\"auto, (max-width: 1299px) 100vw, 1299px\" \/><\/strong><\/p>\n<p>Cristales de yeso con h\u00e1bito sencillo prism\u00e1tico. Colecci\u00f3n privada de E. Vindel.<\/p>\n<p><strong><img loading=\"lazy\" decoding=\"async\" width=\"1299\" height=\"863\" class=\"wp-image-947\" src=\"http:\/\/minevindel.com\/wp-content\/uploads\/2026\/03\/f-caja-f1-yeso-jpg.jpeg\" alt=\"F:\\Caja F1\\YESO.JPG\" srcset=\"http:\/\/minevindel.com\/wp-content\/uploads\/2026\/03\/f-caja-f1-yeso-jpg.jpeg 1299w, http:\/\/minevindel.com\/wp-content\/uploads\/2026\/03\/f-caja-f1-yeso-jpg-300x199.jpeg 300w, http:\/\/minevindel.com\/wp-content\/uploads\/2026\/03\/f-caja-f1-yeso-jpg-1024x680.jpeg 1024w, http:\/\/minevindel.com\/wp-content\/uploads\/2026\/03\/f-caja-f1-yeso-jpg-768x510.jpeg 768w\" sizes=\"auto, (max-width: 1299px) 100vw, 1299px\" \/><\/strong><\/p>\n<p>Cristales simples de yeso. Colecci\u00f3n privada de E. Vindel.<\/p>\n<p><strong><img loading=\"lazy\" decoding=\"async\" width=\"1299\" height=\"863\" class=\"wp-image-948\" src=\"http:\/\/minevindel.com\/wp-content\/uploads\/2026\/03\/e-2_fotos-fotos-de-minerales-y-rocas-dsc00696-jpg.jpeg\" alt=\"E:\\2_FOTOS\\FOTOS DE MINERALES Y ROCAS\\DSC00696.JPG\" srcset=\"http:\/\/minevindel.com\/wp-content\/uploads\/2026\/03\/e-2_fotos-fotos-de-minerales-y-rocas-dsc00696-jpg.jpeg 1299w, http:\/\/minevindel.com\/wp-content\/uploads\/2026\/03\/e-2_fotos-fotos-de-minerales-y-rocas-dsc00696-jpg-300x199.jpeg 300w, http:\/\/minevindel.com\/wp-content\/uploads\/2026\/03\/e-2_fotos-fotos-de-minerales-y-rocas-dsc00696-jpg-1024x680.jpeg 1024w, http:\/\/minevindel.com\/wp-content\/uploads\/2026\/03\/e-2_fotos-fotos-de-minerales-y-rocas-dsc00696-jpg-768x510.jpeg 768w\" sizes=\"auto, (max-width: 1299px) 100vw, 1299px\" \/><\/strong><\/p>\n<p>Cristales transparentes de yeso. Smithsonian Institution. Foto E. Vindel.<\/p>\n<p><strong>BARITINA<\/strong><\/p>\n<p>F\u00f3rmula: BaSO<sub>4<\/sub><\/p>\n<p>Sistema cristalino: R\u00f3mbico.<\/p>\n<p>Forma y h\u00e1bito: Los cristales son de h\u00e1bito tabular (001), formando \u201crosas de baritina\u201d. Se presentan prismas rectangulares alargados. Tambi\u00e9n se hallan en masas granulares y terrosas.<\/p>\n<p><strong>Propiedades f\u00edsicas: <\/strong><\/p>\n<p>Color: Incoloro, blanco. Puede tener diversas tonalidades p\u00e1lidas, azuladas, amarillas o rojizas por impurezas.<\/p>\n<p>Exfoliaci\u00f3n: Cuatro superficies de exfoliaci\u00f3n: dos muy buenas que se entrecruzan a 78\u00ba, seg\u00fan {210}, una d\u00e9bil a buena en {010} y una perfecta a {001}.<\/p>\n<p>Fractura irregular.<\/p>\n<p>Raya: Blanca.<\/p>\n<p>Brillo: V\u00edtreo; en algunas muestras perlado.<\/p>\n<p>Dureza: <strong>H <\/strong>2,5 \u2013 3,5<\/p>\n<p>Peso espec\u00edfico: <strong>G<\/strong> 4,5 g\/cm<sup>3<\/sup><\/p>\n<p><strong>Composici\u00f3n: <\/strong>BaO 65,7% SO<sub>3<\/sub> 34,3% para la baritina pura. La baritina es sustituida por el estroncio y existe una serie completa entre celestina y baritina.<\/p>\n<p><img loading=\"lazy\" decoding=\"async\" width=\"1299\" height=\"863\" class=\"wp-image-949\" src=\"http:\/\/minevindel.com\/wp-content\/uploads\/2026\/03\/g-2_fotos-minerales-concurso-elektra-26-baritina-.jpeg\" alt=\"G:\\2_FOTOS\\MINERALES CONCURSO ELEKTRA\\26 Baritina.jpg.JPG\" srcset=\"http:\/\/minevindel.com\/wp-content\/uploads\/2026\/03\/g-2_fotos-minerales-concurso-elektra-26-baritina-.jpeg 1299w, http:\/\/minevindel.com\/wp-content\/uploads\/2026\/03\/g-2_fotos-minerales-concurso-elektra-26-baritina--300x199.jpeg 300w, http:\/\/minevindel.com\/wp-content\/uploads\/2026\/03\/g-2_fotos-minerales-concurso-elektra-26-baritina--1024x680.jpeg 1024w, http:\/\/minevindel.com\/wp-content\/uploads\/2026\/03\/g-2_fotos-minerales-concurso-elektra-26-baritina--768x510.jpeg 768w\" sizes=\"auto, (max-width: 1299px) 100vw, 1299px\" \/><\/p>\n<p>Rosa de baritina con pirita. Colecci\u00f3n privada de E. Vindel.<\/p>\n<p><img loading=\"lazy\" decoding=\"async\" width=\"1299\" height=\"974\" class=\"wp-image-950\" src=\"http:\/\/minevindel.com\/wp-content\/uploads\/2026\/03\/c-users-elena-vindel-documents-fluoritas-fotos-te.jpeg\" alt=\"C:\\Users\\ELENA VINDEL\\Documents\\FLUORITAS\\FOTOS TESIS DE VIRGI\\minerales 404.JPG\" srcset=\"http:\/\/minevindel.com\/wp-content\/uploads\/2026\/03\/c-users-elena-vindel-documents-fluoritas-fotos-te.jpeg 1299w, http:\/\/minevindel.com\/wp-content\/uploads\/2026\/03\/c-users-elena-vindel-documents-fluoritas-fotos-te-300x225.jpeg 300w, http:\/\/minevindel.com\/wp-content\/uploads\/2026\/03\/c-users-elena-vindel-documents-fluoritas-fotos-te-1024x768.jpeg 1024w, http:\/\/minevindel.com\/wp-content\/uploads\/2026\/03\/c-users-elena-vindel-documents-fluoritas-fotos-te-768x576.jpeg 768w\" sizes=\"auto, (max-width: 1299px) 100vw, 1299px\" \/><\/p>\n<p>Rosa de baritina. Mina Emilio, Caravia-Berbes. Muestra Tesis Doctoral de la Dra. Virginia S\u00e1nchez.<\/p>\n<p><strong><img loading=\"lazy\" decoding=\"async\" width=\"1298\" height=\"974\" class=\"wp-image-951\" src=\"http:\/\/minevindel.com\/wp-content\/uploads\/2026\/03\/dscn0140.jpeg\" alt=\"DSCN0140\" srcset=\"http:\/\/minevindel.com\/wp-content\/uploads\/2026\/03\/dscn0140.jpeg 1298w, http:\/\/minevindel.com\/wp-content\/uploads\/2026\/03\/dscn0140-300x225.jpeg 300w, http:\/\/minevindel.com\/wp-content\/uploads\/2026\/03\/dscn0140-1024x768.jpeg 1024w, http:\/\/minevindel.com\/wp-content\/uploads\/2026\/03\/dscn0140-768x576.jpeg 768w\" sizes=\"auto, (max-width: 1298px) 100vw, 1298px\" \/><\/strong><\/p>\n<p>Barita (blanca) sobre fluorita (violeta) y cuarzo (incoloro) Caravia-Berbes (Asturias). Foto E. Vindel.<\/p>\n<p><strong>CELESTINA<\/strong><\/p>\n<p>F\u00f3rmula: SrSO<sub>4<\/sub><\/p>\n<p>Sistema cristalino: R\u00f3mbico.<\/p>\n<p>Forma y h\u00e1bito: Los cristales se parecen a los de baritina. Se presenta prismas rectangulares alargados. Se halla en fibras radiadas y masas granulares.<\/p>\n<p><strong>Propiedades f\u00edsicas: <\/strong><\/p>\n<p>Color: Incoloro o azul p\u00e1lido, blanco, rojiza.<\/p>\n<p>Exfoliaci\u00f3n: {001} perfecta, {210} buena y {010} d\u00e9bil a buena+<\/p>\n<p>Raya: Blanca.<\/p>\n<p>Brillo: V\u00edtreo a perlado.<\/p>\n<p>Dureza: <strong>H <\/strong>3 \u2013 3,5<\/p>\n<p>Peso espec\u00edfico: <strong>G<\/strong> 3,95 \u2013 3,97 g\/cm<sup>3<\/sup><\/p>\n<p><strong>Composici\u00f3n: <\/strong>SrO 56,4% SO<sub>3<\/sub> 43,6% para la celestina pura. El estroncio esta sustituido por el bario y existe una serie completa entre celestina y baritina.<\/p>\n<p><img loading=\"lazy\" decoding=\"async\" width=\"1299\" height=\"863\" class=\"wp-image-952\" src=\"http:\/\/minevindel.com\/wp-content\/uploads\/2026\/03\/g-2_fotos-minerales-concurso-elektra-celestina-jp.jpeg\" alt=\"G:\\2_FOTOS\\MINERALES CONCURSO ELEKTRA\\CELESTINA.JPG\" srcset=\"http:\/\/minevindel.com\/wp-content\/uploads\/2026\/03\/g-2_fotos-minerales-concurso-elektra-celestina-jp.jpeg 1299w, http:\/\/minevindel.com\/wp-content\/uploads\/2026\/03\/g-2_fotos-minerales-concurso-elektra-celestina-jp-300x199.jpeg 300w, http:\/\/minevindel.com\/wp-content\/uploads\/2026\/03\/g-2_fotos-minerales-concurso-elektra-celestina-jp-1024x680.jpeg 1024w, http:\/\/minevindel.com\/wp-content\/uploads\/2026\/03\/g-2_fotos-minerales-concurso-elektra-celestina-jp-768x510.jpeg 768w\" sizes=\"auto, (max-width: 1299px) 100vw, 1299px\" \/><\/p>\n<p>Celestina azul. Colecci\u00f3n privada de E. Vindel.<\/p>\n<p><strong><img loading=\"lazy\" decoding=\"async\" width=\"1299\" height=\"863\" class=\"wp-image-953\" src=\"http:\/\/minevindel.com\/wp-content\/uploads\/2026\/03\/f-caja-f1-celestina-2-jpg.jpeg\" alt=\"F:\\Caja F1\\CELESTINA 2.JPG\" srcset=\"http:\/\/minevindel.com\/wp-content\/uploads\/2026\/03\/f-caja-f1-celestina-2-jpg.jpeg 1299w, http:\/\/minevindel.com\/wp-content\/uploads\/2026\/03\/f-caja-f1-celestina-2-jpg-300x199.jpeg 300w, http:\/\/minevindel.com\/wp-content\/uploads\/2026\/03\/f-caja-f1-celestina-2-jpg-1024x680.jpeg 1024w, http:\/\/minevindel.com\/wp-content\/uploads\/2026\/03\/f-caja-f1-celestina-2-jpg-768x510.jpeg 768w\" sizes=\"auto, (max-width: 1299px) 100vw, 1299px\" \/><\/strong><\/p>\n<p>Prisma rectangular de celestina azul. Colecci\u00f3n privada de E. Vindel.<\/p>\n<p><strong><img loading=\"lazy\" decoding=\"async\" width=\"1299\" height=\"863\" class=\"wp-image-954\" src=\"http:\/\/minevindel.com\/wp-content\/uploads\/2026\/03\/c-users-elena-vindel-desktop-caja-f4-celestina2-j.jpeg\" alt=\"C:\\Users\\ELENA VINDEL\\Desktop\\Caja F4\\CELESTINA2.JPG\" srcset=\"http:\/\/minevindel.com\/wp-content\/uploads\/2026\/03\/c-users-elena-vindel-desktop-caja-f4-celestina2-j.jpeg 1299w, http:\/\/minevindel.com\/wp-content\/uploads\/2026\/03\/c-users-elena-vindel-desktop-caja-f4-celestina2-j-300x199.jpeg 300w, http:\/\/minevindel.com\/wp-content\/uploads\/2026\/03\/c-users-elena-vindel-desktop-caja-f4-celestina2-j-1024x680.jpeg 1024w, http:\/\/minevindel.com\/wp-content\/uploads\/2026\/03\/c-users-elena-vindel-desktop-caja-f4-celestina2-j-768x510.jpeg 768w\" sizes=\"auto, (max-width: 1299px) 100vw, 1299px\" \/><\/strong><\/p>\n<p>Celestina incolora. Colecci\u00f3n privada de E. Vindel.<\/p>\n<p><strong>CROMATOS<\/strong><\/p>\n<p><strong>CROCOITA<\/strong><\/p>\n<p>F\u00f3rmula: PbCrO<sub>4<\/sub><\/p>\n<p>Sistema cristalino: Monocl\u00ednico.<\/p>\n<p>Forma y h\u00e1bito: Cristales prism\u00e1ticos delgados, verticalmente estriados. Masas granulares.<\/p>\n<p><strong>Propiedades f\u00edsicas: <\/strong><\/p>\n<p>Color: Rojo brillante, algunas veces anaranjado.<\/p>\n<p>Exfoliaci\u00f3n: {110} imperfecta.<\/p>\n<p>Raya: Anaranjada.<\/p>\n<p>Brillo: Adamantino.<\/p>\n<p>Dureza: <strong>H <\/strong>2,5 \u2013 3<\/p>\n<p>Peso espec\u00edfico: <strong>G<\/strong> 5,9 \u2013 6,1 g\/cm<sup>3<\/sup><\/p>\n<p><strong>Composici\u00f3n: <\/strong>PbO 68,9% CrO<sub>3 <\/sub>31,1%<\/p>\n<p><img loading=\"lazy\" decoding=\"async\" width=\"1299\" height=\"863\" class=\"wp-image-955\" src=\"http:\/\/minevindel.com\/wp-content\/uploads\/2026\/03\/e-2_fotos-australia-fotos-australia-camara-miguel.jpeg\" alt=\"E:\\2_FOTOS\\AUSTRALIA\\FOTOS AUSTRALIA CAMARA MIGUEL ANGEL\\DSC01454.JPG\" srcset=\"http:\/\/minevindel.com\/wp-content\/uploads\/2026\/03\/e-2_fotos-australia-fotos-australia-camara-miguel.jpeg 1299w, http:\/\/minevindel.com\/wp-content\/uploads\/2026\/03\/e-2_fotos-australia-fotos-australia-camara-miguel-300x199.jpeg 300w, http:\/\/minevindel.com\/wp-content\/uploads\/2026\/03\/e-2_fotos-australia-fotos-australia-camara-miguel-1024x680.jpeg 1024w, http:\/\/minevindel.com\/wp-content\/uploads\/2026\/03\/e-2_fotos-australia-fotos-australia-camara-miguel-768x510.jpeg 768w\" sizes=\"auto, (max-width: 1299px) 100vw, 1299px\" \/><\/p>\n<p>Crocoita. Adelaida Mine, Dundas, Tasmania. Australian Museum. Foto E. Vindel.<\/p>\n<p><img loading=\"lazy\" decoding=\"async\" width=\"1299\" height=\"863\" class=\"wp-image-956\" src=\"http:\/\/minevindel.com\/wp-content\/uploads\/2026\/03\/e-2_fotos-australia-fotos-australia-camara-miguel-1.jpeg\" alt=\"E:\\2_FOTOS\\AUSTRALIA\\FOTOS AUSTRALIA CAMARA MIGUEL ANGEL\\DSC01456.JPG\" srcset=\"http:\/\/minevindel.com\/wp-content\/uploads\/2026\/03\/e-2_fotos-australia-fotos-australia-camara-miguel-1.jpeg 1299w, http:\/\/minevindel.com\/wp-content\/uploads\/2026\/03\/e-2_fotos-australia-fotos-australia-camara-miguel-1-300x199.jpeg 300w, http:\/\/minevindel.com\/wp-content\/uploads\/2026\/03\/e-2_fotos-australia-fotos-australia-camara-miguel-1-1024x680.jpeg 1024w, http:\/\/minevindel.com\/wp-content\/uploads\/2026\/03\/e-2_fotos-australia-fotos-australia-camara-miguel-1-768x510.jpeg 768w\" sizes=\"auto, (max-width: 1299px) 100vw, 1299px\" \/><\/p>\n<p>Crocoita. Adelaida Mine, Dundas, Tasmania. Australian Museum. Foto E. Vindel.<\/p>\n<p><img loading=\"lazy\" decoding=\"async\" width=\"1299\" height=\"863\" class=\"wp-image-957\" src=\"http:\/\/minevindel.com\/wp-content\/uploads\/2026\/03\/f-caja-f33-crocoita-jpg.jpeg\" alt=\"F:\\Caja F33\\CROCOITA.JPG\" srcset=\"http:\/\/minevindel.com\/wp-content\/uploads\/2026\/03\/f-caja-f33-crocoita-jpg.jpeg 1299w, http:\/\/minevindel.com\/wp-content\/uploads\/2026\/03\/f-caja-f33-crocoita-jpg-300x199.jpeg 300w, http:\/\/minevindel.com\/wp-content\/uploads\/2026\/03\/f-caja-f33-crocoita-jpg-1024x680.jpeg 1024w, http:\/\/minevindel.com\/wp-content\/uploads\/2026\/03\/f-caja-f33-crocoita-jpg-768x510.jpeg 768w\" sizes=\"auto, (max-width: 1299px) 100vw, 1299px\" \/><\/p>\n<p>Crocoita. Colecci\u00f3n privada de E. Vindel.<\/p>\n<p><strong>MOLIBDATOS<\/strong><\/p>\n<p><strong>WULFENITA<\/strong><\/p>\n<p>F\u00f3rmula: PbMoO<sub>4<\/sub><\/p>\n<p>Sistema cristalino: Tetragonal.<\/p>\n<p>Forma y h\u00e1bito: Cristales cuadrados con h\u00e1bito tabular seg\u00fan {001}. As\u00ed mismo, algunas son maclas sobre {001}.<\/p>\n<p><strong>Propiedades f\u00edsicas: <\/strong><\/p>\n<p>Color: Amarillo a rojo anaranjado.<\/p>\n<p>Exfoliaci\u00f3n: {010} perfecta.<\/p>\n<p>Raya: Blanca a d\u00e9bilmente coloreada<\/p>\n<p>Brillo: V\u00edtreo a adamantino<\/p>\n<p>Dureza: <strong>H <\/strong>3<\/p>\n<p>Peso espec\u00edfico: <strong>G<\/strong> 6,8 g\/cm<sup>3<\/sup><\/p>\n<p><strong>Composici\u00f3n: <\/strong>PbO 60,8% MoO<sub>3 <\/sub>39,2%. El Ca puede remplazarse por Pb. La wulfenita es isoestructural con la scheelita.<\/p>\n<p><strong><img loading=\"lazy\" decoding=\"async\" width=\"1299\" height=\"863\" class=\"wp-image-958\" src=\"http:\/\/minevindel.com\/wp-content\/uploads\/2026\/03\/c-users-elena-vindel-desktop-caja-f33-wulfenita3-.jpeg\" alt=\"C:\\Users\\ELENA VINDEL\\Desktop\\Caja F33\\WULFENITA3.JPG\" srcset=\"http:\/\/minevindel.com\/wp-content\/uploads\/2026\/03\/c-users-elena-vindel-desktop-caja-f33-wulfenita3-.jpeg 1299w, http:\/\/minevindel.com\/wp-content\/uploads\/2026\/03\/c-users-elena-vindel-desktop-caja-f33-wulfenita3--300x199.jpeg 300w, http:\/\/minevindel.com\/wp-content\/uploads\/2026\/03\/c-users-elena-vindel-desktop-caja-f33-wulfenita3--1024x680.jpeg 1024w, http:\/\/minevindel.com\/wp-content\/uploads\/2026\/03\/c-users-elena-vindel-desktop-caja-f33-wulfenita3--768x510.jpeg 768w\" sizes=\"auto, (max-width: 1299px) 100vw, 1299px\" \/><\/strong><\/p>\n<p>Dos cristales cuadrados de color amarillo a anaranjados de wulfenita. Colecci\u00f3n privada de E. Vindel.<\/p>\n<p><strong><img loading=\"lazy\" decoding=\"async\" width=\"1299\" height=\"863\" class=\"wp-image-959\" src=\"http:\/\/minevindel.com\/wp-content\/uploads\/2026\/03\/c-users-miguel-angel-desktop-museo-de-vitoria-wul.jpeg\" alt=\"C:\\Users\\Miguel Angel\\Desktop\\Museo de Vitoria\\WULFENITA.JPG\" srcset=\"http:\/\/minevindel.com\/wp-content\/uploads\/2026\/03\/c-users-miguel-angel-desktop-museo-de-vitoria-wul.jpeg 1299w, http:\/\/minevindel.com\/wp-content\/uploads\/2026\/03\/c-users-miguel-angel-desktop-museo-de-vitoria-wul-300x199.jpeg 300w, http:\/\/minevindel.com\/wp-content\/uploads\/2026\/03\/c-users-miguel-angel-desktop-museo-de-vitoria-wul-1024x680.jpeg 1024w, http:\/\/minevindel.com\/wp-content\/uploads\/2026\/03\/c-users-miguel-angel-desktop-museo-de-vitoria-wul-768x510.jpeg 768w\" sizes=\"auto, (max-width: 1299px) 100vw, 1299px\" \/><\/strong><\/p>\n<p>Wulfenita. Museo de Ciencias Naturales de \u00c1lava. Foto E. Vindel.<\/p>\n<p><strong>WOLFRAMATOS<\/strong><\/p>\n<p><strong>WOLFRAMITA<\/strong><\/p>\n<p>F\u00f3rmula: (Fe, Mn)WO<sub>4<\/sub><\/p>\n<p>Sistema cristalino: Monocl\u00ednico.<\/p>\n<p>Forma y h\u00e1bito: Los cristales, tabulares, son paralelos a {100}. Se presentan en formas hojosas, laminares y columnares. Masas granulares.<\/p>\n<p><strong>Propiedades f\u00edsicas: <\/strong><\/p>\n<p>Color: Negro (Fe<sup>2+<\/sup>) a pardo (Mn<sup>2+<\/sup>).<\/p>\n<p>Exfoliaci\u00f3n:{010} perfecta.<\/p>\n<p>Brillo: submet\u00e1lico a resinoso.<\/p>\n<p>Dureza: <strong>H <\/strong>4 \u2013 4,5<\/p>\n<p>Peso espec\u00edfico: <strong>G<\/strong> 7 \u2013 7,5 g\/cm<sup>3<\/sup> (siendo mayor cuanto m\u00e1s Fe<sup>2+<\/sup> contiene)<\/p>\n<p><strong>Composici\u00f3n: <\/strong>Entre el Fe<sup>2+<\/sup> (ferberita) y Mn<sup>2+ <\/sup>(hubnerita) se sustituyen entre s\u00ed en todas las proporciones. Existe una soluci\u00f3n s\u00f3lida completa.<\/p>\n<p><img loading=\"lazy\" decoding=\"async\" width=\"1299\" height=\"863\" class=\"wp-image-960\" src=\"http:\/\/minevindel.com\/wp-content\/uploads\/2026\/03\/g-2_fotos-minerales-concurso-elektra-wolframita-1.jpeg\" alt=\"G:\\2_FOTOS\\MINERALES CONCURSO ELEKTRA\\WOLFRAMITA 1.JPG\" srcset=\"http:\/\/minevindel.com\/wp-content\/uploads\/2026\/03\/g-2_fotos-minerales-concurso-elektra-wolframita-1.jpeg 1299w, http:\/\/minevindel.com\/wp-content\/uploads\/2026\/03\/g-2_fotos-minerales-concurso-elektra-wolframita-1-300x199.jpeg 300w, http:\/\/minevindel.com\/wp-content\/uploads\/2026\/03\/g-2_fotos-minerales-concurso-elektra-wolframita-1-1024x680.jpeg 1024w, http:\/\/minevindel.com\/wp-content\/uploads\/2026\/03\/g-2_fotos-minerales-concurso-elektra-wolframita-1-768x510.jpeg 768w\" sizes=\"auto, (max-width: 1299px) 100vw, 1299px\" \/><\/p>\n<p>Wolframita con prismas de cuarzo. Colecci\u00f3n privada de E. Vindel.<\/p>\n<p><strong><img loading=\"lazy\" decoding=\"async\" width=\"1299\" height=\"863\" class=\"wp-image-961\" src=\"http:\/\/minevindel.com\/wp-content\/uploads\/2026\/03\/c-users-elena-vindel-desktop-caja-f33-q-wolframit.jpeg\" alt=\"C:\\Users\\ELENA VINDEL\\Desktop\\Caja F33\\Q-WOLFRAMITA.JPG\" srcset=\"http:\/\/minevindel.com\/wp-content\/uploads\/2026\/03\/c-users-elena-vindel-desktop-caja-f33-q-wolframit.jpeg 1299w, http:\/\/minevindel.com\/wp-content\/uploads\/2026\/03\/c-users-elena-vindel-desktop-caja-f33-q-wolframit-300x199.jpeg 300w, http:\/\/minevindel.com\/wp-content\/uploads\/2026\/03\/c-users-elena-vindel-desktop-caja-f33-q-wolframit-1024x680.jpeg 1024w, http:\/\/minevindel.com\/wp-content\/uploads\/2026\/03\/c-users-elena-vindel-desktop-caja-f33-q-wolframit-768x510.jpeg 768w\" sizes=\"auto, (max-width: 1299px) 100vw, 1299px\" \/><\/strong><\/p>\n<p>Wolframita (negra) con prisma de cuarzo (incoloro) y zinnwaldita (amarillenta), una rara mica de litio. Colecci\u00f3n privada de E. Vindel.<\/p>\n<p><strong>SCHEELITA<\/strong><\/p>\n<p>F\u00f3rmula: CaWO<sub>4<\/sub><\/p>\n<p>Sistema cristalino: Tetragonal.<\/p>\n<p>Forma y h\u00e1bito: Los cristales son bipir\u00e1mides sencillas{011}. Masas granulares.<\/p>\n<p><strong>Propiedades f\u00edsicas: <\/strong><\/p>\n<p>Color: Blanco, amarillo, verde, pardo.<\/p>\n<p>Exfoliaci\u00f3n:{101} buena.<\/p>\n<p>Brillo: V\u00edtreo a adamantino.<\/p>\n<p>Dureza: <strong>H <\/strong>4,5 \u2013 5<\/p>\n<p>Peso espec\u00edfico: <strong>G<\/strong> 5,9 \u2013 6,1 g\/cm<sup>3<\/sup><\/p>\n<p>La scheelita puede ser fluorescente con color azulado y con radiaci\u00f3n ultravioleta corta.<\/p>\n<p><strong>Composici\u00f3n: <\/strong>CaO 19,4% WO<sub>3 <\/sub>80,6%.<\/p>\n<p><img loading=\"lazy\" decoding=\"async\" width=\"1299\" height=\"863\" class=\"wp-image-962\" src=\"http:\/\/minevindel.com\/wp-content\/uploads\/2026\/03\/c-users-miguel-angel-desktop-museo-de-vitoria-dsc.jpeg\" alt=\"C:\\Users\\Miguel Angel\\Desktop\\Museo de Vitoria\\DSC09389.JPG\" srcset=\"http:\/\/minevindel.com\/wp-content\/uploads\/2026\/03\/c-users-miguel-angel-desktop-museo-de-vitoria-dsc.jpeg 1299w, http:\/\/minevindel.com\/wp-content\/uploads\/2026\/03\/c-users-miguel-angel-desktop-museo-de-vitoria-dsc-300x199.jpeg 300w, http:\/\/minevindel.com\/wp-content\/uploads\/2026\/03\/c-users-miguel-angel-desktop-museo-de-vitoria-dsc-1024x680.jpeg 1024w, http:\/\/minevindel.com\/wp-content\/uploads\/2026\/03\/c-users-miguel-angel-desktop-museo-de-vitoria-dsc-768x510.jpeg 768w\" sizes=\"auto, (max-width: 1299px) 100vw, 1299px\" \/><\/p>\n<p>Scheelita (amarilla), Arsenopirita (negra) y mica (plateada). Museo de Ciencias Naturales de \u00c1lava. Foto E. Vindel.<\/p>\n<p><img loading=\"lazy\" decoding=\"async\" width=\"1299\" height=\"863\" class=\"wp-image-964\" src=\"http:\/\/minevindel.com\/wp-content\/uploads\/2026\/03\/c-users-elena-vindel-desktop-caja-f4-dsc09326-jpg.jpeg\" alt=\"C:\\Users\\ELENA VINDEL\\Desktop\\Caja F4\\DSC09326.JPG\" srcset=\"http:\/\/minevindel.com\/wp-content\/uploads\/2026\/03\/c-users-elena-vindel-desktop-caja-f4-dsc09326-jpg.jpeg 1299w, http:\/\/minevindel.com\/wp-content\/uploads\/2026\/03\/c-users-elena-vindel-desktop-caja-f4-dsc09326-jpg-300x199.jpeg 300w, http:\/\/minevindel.com\/wp-content\/uploads\/2026\/03\/c-users-elena-vindel-desktop-caja-f4-dsc09326-jpg-1024x680.jpeg 1024w, http:\/\/minevindel.com\/wp-content\/uploads\/2026\/03\/c-users-elena-vindel-desktop-caja-f4-dsc09326-jpg-768x510.jpeg 768w\" sizes=\"auto, (max-width: 1299px) 100vw, 1299px\" \/><\/p>\n<p>Venillas de scheelita (amarilla) con cuarzo (blanco) e intercaladas con pizarra (gris). Colecci\u00f3n privada de E. Vindel.<\/p>","protected":false},"excerpt":{"rendered":"<p>6. SULFATOS, CROMATOS, MOLIBDATOS, WOLFRAMATOS SULFATOS YESO F\u00f3rmula: CaSO42H2O Sistema cristalino: Monocl\u00ednico. Forma y h\u00e1bito: Los cristales son de h\u00e1bito sencillo prism\u00e1tico, tabular, granular o fibroso. Maclas frecuentes en forma de \u201ccola de golondrina\u201d {100}. Propiedades f\u00edsicas: Color: Incoloro, blanco o gris. Puede tener diversas tonalidades, amarillo o rojo casta\u00f1o por impurezas. Exfoliaci\u00f3n: Tres exfoliaciones&hellip; <a class=\"more-link\" href=\"http:\/\/minevindel.com\/index.php\/tema-6\/\">Seguir leyendo <span class=\"screen-reader-text\">Tema 6<\/span><\/a><\/p>\n","protected":false},"author":1,"featured_media":0,"parent":0,"menu_order":0,"comment_status":"closed","ping_status":"closed","template":"","meta":{"footnotes":""},"class_list":["post-572","page","type-page","status-publish","hentry","entry"],"_links":{"self":[{"href":"http:\/\/minevindel.com\/index.php\/wp-json\/wp\/v2\/pages\/572","targetHints":{"allow":["GET"]}}],"collection":[{"href":"http:\/\/minevindel.com\/index.php\/wp-json\/wp\/v2\/pages"}],"about":[{"href":"http:\/\/minevindel.com\/index.php\/wp-json\/wp\/v2\/types\/page"}],"author":[{"embeddable":true,"href":"http:\/\/minevindel.com\/index.php\/wp-json\/wp\/v2\/users\/1"}],"replies":[{"embeddable":true,"href":"http:\/\/minevindel.com\/index.php\/wp-json\/wp\/v2\/comments?post=572"}],"version-history":[{"count":3,"href":"http:\/\/minevindel.com\/index.php\/wp-json\/wp\/v2\/pages\/572\/revisions"}],"predecessor-version":[{"id":967,"href":"http:\/\/minevindel.com\/index.php\/wp-json\/wp\/v2\/pages\/572\/revisions\/967"}],"wp:attachment":[{"href":"http:\/\/minevindel.com\/index.php\/wp-json\/wp\/v2\/media?parent=572"}],"curies":[{"name":"wp","href":"https:\/\/api.w.org\/{rel}","templated":true}]}}