{"id":518,"date":"2026-03-21T18:42:04","date_gmt":"2026-03-21T18:42:04","guid":{"rendered":"https:\/\/minevindel.com\/?page_id=518"},"modified":"2026-03-21T18:42:04","modified_gmt":"2026-03-21T18:42:04","slug":"tema-4","status":"publish","type":"page","link":"http:\/\/minevindel.com\/index.php\/tema-4\/","title":{"rendered":"Tema 4"},"content":{"rendered":"<p><strong>4. \u00d3XIDOS E HIDR\u00d3XIDOS <\/strong><\/p>\n<p><strong>CUPRITA<\/strong><\/p>\n<p>F\u00f3rmula: Cu<sub>2<\/sub>O<\/p>\n<p>Sistema cristalino: C\u00fabico.<\/p>\n<p>Forma y h\u00e1bito: Cristales c\u00fabicos, octa\u00e9dricos, dodeca\u00e9dricos o combinaciones. Algunas veces conocida como cuprita capilar o calcotriquita. Masiva, granular o agregados terrosos.<\/p>\n<p><strong>Propiedades f\u00edsicas: <\/strong><\/p>\n<p>Color: Rojo en varios tonos, casi negro. Rojo rub\u00ed en cristales transparentes.<\/p>\n<p>Exfoliaci\u00f3n: {111}d\u00e9bil.<\/p>\n<p>Fractura concoidea, irregular.<\/p>\n<p>Raya: Roja a parda.<\/p>\n<p>Brillo: Submet\u00e1lico, adamantino.<\/p>\n<p>Dureza: <strong>H <\/strong>3,5 &#8211; 4<\/p>\n<p>Peso espec\u00edfico: <strong>G<\/strong> 6,1 g\/cm<sup>3<\/sup><\/p>\n<p><strong>Composici\u00f3n: <\/strong>Cu 88,8% O 11,2%. Por lo com\u00fan, puro, pero puede estar presentar \u00f3xido de Fe, amarillo.<\/p>\n<p><strong><img loading=\"lazy\" decoding=\"async\" width=\"1299\" height=\"863\" alt=\"C:\\Users\\ELENA VINDEL\\Desktop\\Geominero\\DSC09438.JPG\" src=\"http:\/\/minevindel.com\/wp-content\/uploads\/2026\/01\/c-users-elena-vindel-desktop-geominero-dsc09438-j-2.jpeg\" class=\"wp-image-519\" srcset=\"http:\/\/minevindel.com\/wp-content\/uploads\/2026\/01\/c-users-elena-vindel-desktop-geominero-dsc09438-j-2.jpeg 1299w, http:\/\/minevindel.com\/wp-content\/uploads\/2026\/01\/c-users-elena-vindel-desktop-geominero-dsc09438-j-2-300x199.jpeg 300w, http:\/\/minevindel.com\/wp-content\/uploads\/2026\/01\/c-users-elena-vindel-desktop-geominero-dsc09438-j-2-1024x680.jpeg 1024w, http:\/\/minevindel.com\/wp-content\/uploads\/2026\/01\/c-users-elena-vindel-desktop-geominero-dsc09438-j-2-768x510.jpeg 768w\" sizes=\"auto, (max-width: 1299px) 100vw, 1299px\" \/><\/strong><\/p>\n<p>Cuprita (var. calcotriquita). Museo Geominero. Foto E. Vindel.<\/p>\n<p><strong><img loading=\"lazy\" decoding=\"async\" width=\"1299\" height=\"863\" alt=\"C:\\Users\\ELENA VINDEL\\Pictures\\4_FOTOSWEB\\Geominero 2\\DSC09493.JPG\" src=\"http:\/\/minevindel.com\/wp-content\/uploads\/2026\/01\/c-users-elena-vindel-pictures-4_fotosweb-geominer-16.jpeg\" class=\"wp-image-520\" srcset=\"http:\/\/minevindel.com\/wp-content\/uploads\/2026\/01\/c-users-elena-vindel-pictures-4_fotosweb-geominer-16.jpeg 1299w, http:\/\/minevindel.com\/wp-content\/uploads\/2026\/01\/c-users-elena-vindel-pictures-4_fotosweb-geominer-16-300x199.jpeg 300w, http:\/\/minevindel.com\/wp-content\/uploads\/2026\/01\/c-users-elena-vindel-pictures-4_fotosweb-geominer-16-1024x680.jpeg 1024w, http:\/\/minevindel.com\/wp-content\/uploads\/2026\/01\/c-users-elena-vindel-pictures-4_fotosweb-geominer-16-768x510.jpeg 768w\" sizes=\"auto, (max-width: 1299px) 100vw, 1299px\" \/><\/strong><\/p>\n<p>Cuprita. Museo Geominero. Foto E. Vindel.<\/p>\n<p><strong><img loading=\"lazy\" decoding=\"async\" width=\"1299\" height=\"863\" alt=\"C:\\Users\\Miguel Angel\\Desktop\\Museo de Vitoria\\CUPRITA.JPG\" src=\"http:\/\/minevindel.com\/wp-content\/uploads\/2026\/01\/c-users-miguel-angel-desktop-museo-de-vitoria-cup-2.jpeg\" class=\"wp-image-521\" srcset=\"http:\/\/minevindel.com\/wp-content\/uploads\/2026\/01\/c-users-miguel-angel-desktop-museo-de-vitoria-cup-2.jpeg 1299w, http:\/\/minevindel.com\/wp-content\/uploads\/2026\/01\/c-users-miguel-angel-desktop-museo-de-vitoria-cup-2-300x199.jpeg 300w, http:\/\/minevindel.com\/wp-content\/uploads\/2026\/01\/c-users-miguel-angel-desktop-museo-de-vitoria-cup-2-1024x680.jpeg 1024w, http:\/\/minevindel.com\/wp-content\/uploads\/2026\/01\/c-users-miguel-angel-desktop-museo-de-vitoria-cup-2-768x510.jpeg 768w\" sizes=\"auto, (max-width: 1299px) 100vw, 1299px\" \/><\/strong><\/p>\n<p>Cuprita con \u00f3xido de Fe (amarillo) y malaquita (verde). Museo de Ciencias Naturales de \u00c1lava. Foto E. Vindel.<\/p>\n<p><strong>CORIND\u00d3N<\/strong><\/p>\n<p>F\u00f3rmula: Al<sub>2<\/sub>O<sub>3<\/sub><\/p>\n<p>Sistema cristalino: Trigonal.<\/p>\n<p>Forma y h\u00e1bito: Cristales tabulares o prism\u00e1ticos, a menudo en forma de barril. Masivo. Maclado polisint\u00e9tico. Granular fino o tosco. El esmeril es un corind\u00f3n granular negro muy duro, que se utiliza para cortar mezclado magnetita, rutilo, s\u00edlice y otros minerales.<\/p>\n<p><strong>Propiedades f\u00edsicas: <\/strong><\/p>\n<p>Color: El rub\u00ed es la gema roja del corind\u00f3n y el zafiro es la gema azul. Tambi\u00e9n puede ser incoloro, casta\u00f1o o rosa.<\/p>\n<p>Exfoliaci\u00f3n: Ninguna.<\/p>\n<p>Partici\u00f3n: {0001}tabular y {1011}rombo\u00e9drica.<\/p>\n<p>Fractura irregular, concoidea.<\/p>\n<p>Raya: Blanca<\/p>\n<p>Brillo: Adamantino a v\u00edtreo<\/p>\n<p>Dureza: <strong>H <\/strong>9<\/p>\n<p>Peso espec\u00edfico: <strong>G<\/strong> 3,98 &#8211; 4,02 g\/cm<sup>3<\/sup><\/p>\n<p><strong>Composici\u00f3n: <\/strong>Al 52,9% O 47,1%. Los rub\u00edes tienen trazas de cromo y los zafiros las tienen Fe o Ti.<\/p>\n<p><img loading=\"lazy\" decoding=\"async\" width=\"1299\" height=\"863\" alt=\"C:\\Users\\ELENA VINDEL\\Documents\\IMAGENES\\DSC00719.JPG\" src=\"http:\/\/minevindel.com\/wp-content\/uploads\/2026\/01\/c-users-elena-vindel-documents-imagenes-dsc00719-1-2.jpeg\" class=\"wp-image-522\" srcset=\"http:\/\/minevindel.com\/wp-content\/uploads\/2026\/01\/c-users-elena-vindel-documents-imagenes-dsc00719-1-2.jpeg 1299w, http:\/\/minevindel.com\/wp-content\/uploads\/2026\/01\/c-users-elena-vindel-documents-imagenes-dsc00719-1-2-300x199.jpeg 300w, http:\/\/minevindel.com\/wp-content\/uploads\/2026\/01\/c-users-elena-vindel-documents-imagenes-dsc00719-1-2-1024x680.jpeg 1024w, http:\/\/minevindel.com\/wp-content\/uploads\/2026\/01\/c-users-elena-vindel-documents-imagenes-dsc00719-1-2-768x510.jpeg 768w\" sizes=\"auto, (max-width: 1299px) 100vw, 1299px\" \/><\/p>\n<p>Rub\u00edes. Smithsonian Institution. Foto E. Vindel.<\/p>\n<p><img loading=\"lazy\" decoding=\"async\" width=\"1299\" height=\"730\" alt=\"C:\\Users\\ELENA VINDEL\\Documents\\FOTOS USA 2013\\RESUMEN USA 2013\\DSC05364.JPG\" src=\"http:\/\/minevindel.com\/wp-content\/uploads\/2026\/01\/c-users-elena-vindel-documents-fotos-usa-2013-res-14.jpeg\" class=\"wp-image-523\" srcset=\"http:\/\/minevindel.com\/wp-content\/uploads\/2026\/01\/c-users-elena-vindel-documents-fotos-usa-2013-res-14.jpeg 1299w, http:\/\/minevindel.com\/wp-content\/uploads\/2026\/01\/c-users-elena-vindel-documents-fotos-usa-2013-res-14-300x169.jpeg 300w, http:\/\/minevindel.com\/wp-content\/uploads\/2026\/01\/c-users-elena-vindel-documents-fotos-usa-2013-res-14-1024x575.jpeg 1024w, http:\/\/minevindel.com\/wp-content\/uploads\/2026\/01\/c-users-elena-vindel-documents-fotos-usa-2013-res-14-768x432.jpeg 768w\" sizes=\"auto, (max-width: 1299px) 100vw, 1299px\" \/><\/p>\n<p>Rub\u00edes. Field Museum Chicago. Foto E. Vindel.<\/p>\n<p><strong>HEMATITES<\/strong> <strong>(Oligisto)<\/strong><\/p>\n<p>F\u00f3rmula: Fe<sub>2<\/sub>O<sub>3<\/sub><\/p>\n<p>Sistema cristalino: Trigonal.<\/p>\n<p>Forma y h\u00e1bito: Cristales gruesos o delgados. Los planos basales ense\u00f1an con frecuencia marcas triangulares. Las rosas de hierro se agrupan en rosetas. Aparecen en masas botroidales. Com\u00fanmente se muestra como terrosa.<\/p>\n<p><strong>Propiedades f\u00edsicas: <\/strong><\/p>\n<p>Color: Casta\u00f1o rojizo a negro (variedad met\u00e1lica), roja (variedad terrosa).<\/p>\n<p>Exfoliaci\u00f3n: Ninguna.<\/p>\n<p>Partici\u00f3n: {1011}con \u00e1ngulos casi c\u00fabicos y {0001} tabular.<\/p>\n<p>Fractura irregular, concoidea.<\/p>\n<p>Raya: Roja a parda rojiza.<\/p>\n<p>Brillo: Met\u00e1lico en cristales y mate en la variedad terrosa.<\/p>\n<p>Dureza: <strong>H <\/strong>5,5-6,5 (1,5 variedad terrosa)<\/p>\n<p>Peso espec\u00edfico: <strong>G<\/strong> 5,26 g\/cm<sup>3<\/sup><\/p>\n<p><strong>Composici\u00f3n: <\/strong>Fe 70% O 30%.<\/p>\n<p><img loading=\"lazy\" decoding=\"async\" width=\"1299\" height=\"974\" alt=\"C:\\Users\\ELENA VINDEL\\Documents\\Mine II DT\\FOTOS MINE II\\HEMATITES 2.jpg\" src=\"http:\/\/minevindel.com\/wp-content\/uploads\/2026\/01\/c-users-elena-vindel-documents-mine-ii-dt-fotos-m-3.jpeg\" class=\"wp-image-524\" srcset=\"http:\/\/minevindel.com\/wp-content\/uploads\/2026\/01\/c-users-elena-vindel-documents-mine-ii-dt-fotos-m-3.jpeg 1299w, http:\/\/minevindel.com\/wp-content\/uploads\/2026\/01\/c-users-elena-vindel-documents-mine-ii-dt-fotos-m-3-300x225.jpeg 300w, http:\/\/minevindel.com\/wp-content\/uploads\/2026\/01\/c-users-elena-vindel-documents-mine-ii-dt-fotos-m-3-1024x768.jpeg 1024w, http:\/\/minevindel.com\/wp-content\/uploads\/2026\/01\/c-users-elena-vindel-documents-mine-ii-dt-fotos-m-3-768x576.jpeg 768w\" sizes=\"auto, (max-width: 1299px) 100vw, 1299px\" \/><\/p>\n<p>Oligisto botroidal (variedad met\u00e1lica). Smithsonian Institution. Foto E. Vindel.<\/p>\n<p><strong><img loading=\"lazy\" decoding=\"async\" width=\"640\" height=\"480\" alt=\"G:\\1_DOCUMENTOS\\SILICATOS\\imagenes minerales\\FOTOSNOSILICATOS VISU\\Oxidos e Hidr\u00f3xidos\\Hematites II.jpg\" src=\"http:\/\/minevindel.com\/wp-content\/uploads\/2026\/01\/g-1_documentos-silicatos-imagenes-minerales-fotos-8.jpeg\" class=\"wp-image-525\" srcset=\"http:\/\/minevindel.com\/wp-content\/uploads\/2026\/01\/g-1_documentos-silicatos-imagenes-minerales-fotos-8.jpeg 640w, http:\/\/minevindel.com\/wp-content\/uploads\/2026\/01\/g-1_documentos-silicatos-imagenes-minerales-fotos-8-300x225.jpeg 300w\" sizes=\"auto, (max-width: 640px) 100vw, 640px\" \/><\/strong><\/p>\n<p>Hematites (variedad terrosa) con cuarzo. Colecci\u00f3n de la Universidad Complutense.<\/p>\n<p><strong>ILMENITA <\/strong><\/p>\n<p>F\u00f3rmula: FeTiO<sub>3<\/sub><\/p>\n<p>Sistema cristalino: Trigonal.<\/p>\n<p>Forma y h\u00e1bito: Cristales tabulares paralelos a {0001} y gruesos. As\u00ed mismo, se da en forma de granos o en arenas.<\/p>\n<p><strong>Propiedades f\u00edsicas: <\/strong><\/p>\n<p>Color: Negro.<\/p>\n<p>Exfoliaci\u00f3n: Ninguna.<\/p>\n<p>Fractura concoidea, irregular.<\/p>\n<p>Brillo: Met\u00e1lico a submet\u00e1lico.<\/p>\n<p>Raya: Negra.<\/p>\n<p>Dureza: <strong>H <\/strong>5,5 &#8211; 6<\/p>\n<p>Peso espec\u00edfico: <strong>G<\/strong> 4,70 \u2013 4,79 g\/cm<sup>3<\/sup><\/p>\n<p>Puede ser magn\u00e9tico.<\/p>\n<p>Opaco.<\/p>\n<p><strong>Composici\u00f3n: <\/strong>Fe 36,8% Ti 31,6% O 31,6%.<\/p>\n<p><img loading=\"lazy\" decoding=\"async\" width=\"1299\" height=\"863\" alt=\"C:\\Users\\ELENA VINDEL\\Pictures\\4_FOTOSWEB\\Geominero 2\\DSC09495.JPG\" src=\"http:\/\/minevindel.com\/wp-content\/uploads\/2026\/01\/c-users-elena-vindel-pictures-4_fotosweb-geominer-17.jpeg\" class=\"wp-image-526\" srcset=\"http:\/\/minevindel.com\/wp-content\/uploads\/2026\/01\/c-users-elena-vindel-pictures-4_fotosweb-geominer-17.jpeg 1299w, http:\/\/minevindel.com\/wp-content\/uploads\/2026\/01\/c-users-elena-vindel-pictures-4_fotosweb-geominer-17-300x199.jpeg 300w, http:\/\/minevindel.com\/wp-content\/uploads\/2026\/01\/c-users-elena-vindel-pictures-4_fotosweb-geominer-17-1024x680.jpeg 1024w, http:\/\/minevindel.com\/wp-content\/uploads\/2026\/01\/c-users-elena-vindel-pictures-4_fotosweb-geominer-17-768x510.jpeg 768w\" sizes=\"auto, (max-width: 1299px) 100vw, 1299px\" \/><\/p>\n<p>Ilmenita. Museo Geominero. Foto E. Vindel.<\/p>\n<p><strong>RUTILO<\/strong><\/p>\n<p>F\u00f3rmula: TiO<sub>2<\/sub><\/p>\n<p>Sistema cristalino: Tetragonal.<\/p>\n<p>Forma y h\u00e1bito: Cristales prism\u00e1ticos con terminaciones en bipir\u00e1mides. Maclas en codo con plano de macla {011}. Cristales aciculares delgados.<\/p>\n<p><strong>Propiedades f\u00edsicas: <\/strong><\/p>\n<p>Color: Casta\u00f1o rojizo, pardo a negro.<\/p>\n<p>Exfoliaci\u00f3n:<strong> <\/strong>{110} buena, {010}d\u00e9bil.<\/p>\n<p>Fractura concoidea, subconcoidea, irregular.<\/p>\n<p>Raya: Blanca.<\/p>\n<p>Brillo: Adamantino a submet\u00e1lico                   .<\/p>\n<p>Dureza: <strong>H <\/strong>6 \u2013 6,5<\/p>\n<p>Peso espec\u00edfico: <strong>G<\/strong> 4,23 \u2013 5,5 g\/cm<sup>3<\/sup><\/p>\n<p><strong>Composici\u00f3n: <\/strong>Ti 60% O 40%. El TiO<sub>2<\/sub> tiene dos polimorfos, anatasa (tetragonal) y brookita (r\u00f3mbico).<\/p>\n<p><img loading=\"lazy\" decoding=\"async\" width=\"1299\" height=\"863\" alt=\"C:\\Users\\ELENA VINDEL\\Desktop\\Geominero\\DSC09444.JPG\" src=\"http:\/\/minevindel.com\/wp-content\/uploads\/2026\/01\/c-users-elena-vindel-desktop-geominero-dsc09444-j-2.jpeg\" class=\"wp-image-527\" srcset=\"http:\/\/minevindel.com\/wp-content\/uploads\/2026\/01\/c-users-elena-vindel-desktop-geominero-dsc09444-j-2.jpeg 1299w, http:\/\/minevindel.com\/wp-content\/uploads\/2026\/01\/c-users-elena-vindel-desktop-geominero-dsc09444-j-2-300x199.jpeg 300w, http:\/\/minevindel.com\/wp-content\/uploads\/2026\/01\/c-users-elena-vindel-desktop-geominero-dsc09444-j-2-1024x680.jpeg 1024w, http:\/\/minevindel.com\/wp-content\/uploads\/2026\/01\/c-users-elena-vindel-desktop-geominero-dsc09444-j-2-768x510.jpeg 768w\" sizes=\"auto, (max-width: 1299px) 100vw, 1299px\" \/><\/p>\n<p>Macla en codo de rutilo (arriba). Museo Geominero. Foto E. Vindel.<\/p>\n<p><img loading=\"lazy\" decoding=\"async\" width=\"1299\" height=\"863\" alt=\"C:\\Users\\ELENA VINDEL\\Desktop\\Geominero\\DSC09451.JPG\" src=\"http:\/\/minevindel.com\/wp-content\/uploads\/2026\/01\/c-users-elena-vindel-desktop-geominero-dsc09451-j-2.jpeg\" class=\"wp-image-528\" srcset=\"http:\/\/minevindel.com\/wp-content\/uploads\/2026\/01\/c-users-elena-vindel-desktop-geominero-dsc09451-j-2.jpeg 1299w, http:\/\/minevindel.com\/wp-content\/uploads\/2026\/01\/c-users-elena-vindel-desktop-geominero-dsc09451-j-2-300x199.jpeg 300w, http:\/\/minevindel.com\/wp-content\/uploads\/2026\/01\/c-users-elena-vindel-desktop-geominero-dsc09451-j-2-1024x680.jpeg 1024w, http:\/\/minevindel.com\/wp-content\/uploads\/2026\/01\/c-users-elena-vindel-desktop-geominero-dsc09451-j-2-768x510.jpeg 768w\" sizes=\"auto, (max-width: 1299px) 100vw, 1299px\" \/><\/p>\n<p>Rutilo. Museo Geominero. Foto E. Vindel.<\/p>\n<p><strong>PIROLUSITA<\/strong><\/p>\n<p>F\u00f3rmula: MnO<sub>2<\/sub><\/p>\n<p>Sistema cristalino: Tetragonal.<\/p>\n<p>Forma y h\u00e1bito: Pocas veces se encuentran cristales. Aparecen en fibras, columnas y formas dendr\u00edticas.<\/p>\n<p><strong>Propiedades f\u00edsicas: <\/strong><\/p>\n<p>Color: Negro.<\/p>\n<p>Exfoliaci\u00f3n: {110} perfecta.<\/p>\n<p>Fractura astillosa.<\/p>\n<p>Raya: Negra.<\/p>\n<p>Brillo: Met\u00e1lico.<\/p>\n<p>Dureza: <strong>H <\/strong>1-2<\/p>\n<p>Peso espec\u00edfico: <strong>G<\/strong> 4,75 g\/cm<sup>3<\/sup><\/p>\n<p>Opaco.<\/p>\n<p><strong>Composici\u00f3n: <\/strong>Mn 63,2% O 36,8 %. Contiene un poco de agua.<\/p>\n<p><img loading=\"lazy\" decoding=\"async\" width=\"1299\" height=\"863\" alt=\"C:\\Users\\ELENA VINDEL\\Documents\\MINERALES CONCURSO ELEKTRA\\38 Pirolusita.jpg.JPG\" src=\"http:\/\/minevindel.com\/wp-content\/uploads\/2026\/01\/c-users-elena-vindel-documents-minerales-concurso-13.jpeg\" class=\"wp-image-529\" srcset=\"http:\/\/minevindel.com\/wp-content\/uploads\/2026\/01\/c-users-elena-vindel-documents-minerales-concurso-13.jpeg 1299w, http:\/\/minevindel.com\/wp-content\/uploads\/2026\/01\/c-users-elena-vindel-documents-minerales-concurso-13-300x199.jpeg 300w, http:\/\/minevindel.com\/wp-content\/uploads\/2026\/01\/c-users-elena-vindel-documents-minerales-concurso-13-1024x680.jpeg 1024w, http:\/\/minevindel.com\/wp-content\/uploads\/2026\/01\/c-users-elena-vindel-documents-minerales-concurso-13-768x510.jpeg 768w\" sizes=\"auto, (max-width: 1299px) 100vw, 1299px\" \/><\/p>\n<p>Dendritas de pirolusita. Colecci\u00f3n privada de E. Vindel.<\/p>\n<p><strong>CASITERITA  <\/strong><\/p>\n<p>F\u00f3rmula: SnO<sub>2<\/sub><\/p>\n<p>Sistema cristalino: Tetragonal<\/p>\n<p>Forma y h\u00e1bito: Las formas son prismas y bipir\u00e1mides. Presentan maclas en forma de codo, contacto y penetraci\u00f3n El plano de macla es {101}. Com\u00fanmente es granular y en masas reniformes.<\/p>\n<p><strong>Propiedades f\u00edsicas: <\/strong><\/p>\n<p>Color: Pardo a negro, raras veces amarillo o blanco.<\/p>\n<p>Exfoliaci\u00f3n: {100} imperfecta, {110}y {111} pobre.<\/p>\n<p>Partici\u00f3n: {101} seg\u00fan plano de macla.<\/p>\n<p>Fractura concoidea, irregular.<\/p>\n<p>Raya: Amarillenta a blanca.<\/p>\n<p>Brillo: Adamantino a submet\u00e1lico.<\/p>\n<p>Dureza: <strong>H <\/strong>6-7<\/p>\n<p>Peso espec\u00edfico: <strong>G<\/strong> 6,9 \u2013 7,1 g\/cm<sup>3<\/sup><\/p>\n<p><strong>Composici\u00f3n: <\/strong>Sn 78,6% O 21,4 %. Trazas de hierro, niobio y t\u00e1ntalo.<\/p>\n<p><img loading=\"lazy\" decoding=\"async\" width=\"883\" height=\"587\" alt=\"PEPE055\" src=\"http:\/\/minevindel.com\/wp-content\/uploads\/2026\/01\/pepe055-2.png\" class=\"wp-image-530\" srcset=\"http:\/\/minevindel.com\/wp-content\/uploads\/2026\/01\/pepe055-2.png 883w, http:\/\/minevindel.com\/wp-content\/uploads\/2026\/01\/pepe055-2-300x199.png 300w, http:\/\/minevindel.com\/wp-content\/uploads\/2026\/01\/pepe055-2-768x511.png 768w\" sizes=\"auto, (max-width: 883px) 100vw, 883px\" \/><\/p>\n<p>Placer de casiterita (negra). Foto E. Vindel.<\/p>\n<p><img loading=\"lazy\" decoding=\"async\" width=\"1299\" height=\"863\" alt=\"C:\\Users\\ELENA VINDEL\\Desktop\\Caja F33\\CASITERITA2.JPG\" src=\"http:\/\/minevindel.com\/wp-content\/uploads\/2026\/01\/c-users-elena-vindel-desktop-caja-f33-casiterita2-2.jpeg\" class=\"wp-image-531\" srcset=\"http:\/\/minevindel.com\/wp-content\/uploads\/2026\/01\/c-users-elena-vindel-desktop-caja-f33-casiterita2-2.jpeg 1299w, http:\/\/minevindel.com\/wp-content\/uploads\/2026\/01\/c-users-elena-vindel-desktop-caja-f33-casiterita2-2-300x199.jpeg 300w, http:\/\/minevindel.com\/wp-content\/uploads\/2026\/01\/c-users-elena-vindel-desktop-caja-f33-casiterita2-2-1024x680.jpeg 1024w, http:\/\/minevindel.com\/wp-content\/uploads\/2026\/01\/c-users-elena-vindel-desktop-caja-f33-casiterita2-2-768x510.jpeg 768w\" sizes=\"auto, (max-width: 1299px) 100vw, 1299px\" \/><\/p>\n<p>Casiterita (parda). Colecci\u00f3n privada de E. Vindel.<\/p>\n<p><img loading=\"lazy\" decoding=\"async\" width=\"1299\" height=\"863\" alt=\"C:\\Users\\Miguel Angel\\Desktop\\Museo de Vitoria\\DSC09399.JPG\" src=\"http:\/\/minevindel.com\/wp-content\/uploads\/2026\/01\/c-users-miguel-angel-desktop-museo-de-vitoria-dsc-5.jpeg\" class=\"wp-image-532\" srcset=\"http:\/\/minevindel.com\/wp-content\/uploads\/2026\/01\/c-users-miguel-angel-desktop-museo-de-vitoria-dsc-5.jpeg 1299w, http:\/\/minevindel.com\/wp-content\/uploads\/2026\/01\/c-users-miguel-angel-desktop-museo-de-vitoria-dsc-5-300x199.jpeg 300w, http:\/\/minevindel.com\/wp-content\/uploads\/2026\/01\/c-users-miguel-angel-desktop-museo-de-vitoria-dsc-5-1024x680.jpeg 1024w, http:\/\/minevindel.com\/wp-content\/uploads\/2026\/01\/c-users-miguel-angel-desktop-museo-de-vitoria-dsc-5-768x510.jpeg 768w\" sizes=\"auto, (max-width: 1299px) 100vw, 1299px\" \/><\/p>\n<p>Casiterita (negra). Museo de Ciencias Naturales de \u00c1lava. Foto E. Vindel.<\/p>\n<p><strong>ESPINELA  <\/strong><\/p>\n<p>F\u00f3rmula: MgAl<sub>2<\/sub>O<sub>4<\/sub><\/p>\n<p>Sistema cristalino: C\u00fabico<\/p>\n<p>Forma y h\u00e1bito: Por lo general aparece en octaedros o en octaedros maclados (macla de la espinela). Com\u00fanmente, se presentan las maclas simples y m\u00faltiples seg\u00fan {111}. Se da en masas o granular.<\/p>\n<p><strong>Propiedades f\u00edsicas: <\/strong><\/p>\n<p>Color: Blanco, rojo, azul, verde, pardo, negro.<\/p>\n<p>Exfoliaci\u00f3n: Ninguna<\/p>\n<p>Partici\u00f3n: {111}<\/p>\n<p>Fractura concoidea, irregular.<\/p>\n<p>Raya: Blanca.<\/p>\n<p>Brillo: V\u00edtreo<\/p>\n<p>Dureza: <strong>H <\/strong>7,5-8<\/p>\n<p>Peso espec\u00edfico: <strong>G<\/strong> 3,55 \u2013 4,40 g\/cm<sup>3<\/sup><\/p>\n<p><strong>Composici\u00f3n: <\/strong>MgO 28,2% Al<sub>2<\/sub>O<sub>3<\/sub> 71,8 %. El Mg puede estar remplazado en todas proporciones por Fe<sup>2+<\/sup>, Zn, Mn<sup>2+<\/sup>. La espinela magn\u00e9sica casi pura, de color rojo claro, se conoce como espinela rub\u00ed.<\/p>\n<p><img loading=\"lazy\" decoding=\"async\" width=\"1299\" height=\"863\" alt=\"C:\\Users\\ELENA VINDEL\\Desktop\\Geominero\\ESPINELA.JPG\" src=\"http:\/\/minevindel.com\/wp-content\/uploads\/2026\/01\/c-users-elena-vindel-desktop-geominero-espinela-j-2.jpeg\" class=\"wp-image-533\" srcset=\"http:\/\/minevindel.com\/wp-content\/uploads\/2026\/01\/c-users-elena-vindel-desktop-geominero-espinela-j-2.jpeg 1299w, http:\/\/minevindel.com\/wp-content\/uploads\/2026\/01\/c-users-elena-vindel-desktop-geominero-espinela-j-2-300x199.jpeg 300w, http:\/\/minevindel.com\/wp-content\/uploads\/2026\/01\/c-users-elena-vindel-desktop-geominero-espinela-j-2-1024x680.jpeg 1024w, http:\/\/minevindel.com\/wp-content\/uploads\/2026\/01\/c-users-elena-vindel-desktop-geominero-espinela-j-2-768x510.jpeg 768w\" sizes=\"auto, (max-width: 1299px) 100vw, 1299px\" \/><\/p>\n<p>Cristales de espinela. Museo Geominero. Foto E. Vindel.<\/p>\n<p><strong>MAGNETITA<\/strong><\/p>\n<p>F\u00f3rmula: Fe<sup>2+<\/sup>Fe<sup>3+<\/sup><sub>2<\/sub>O<sub>4  <\/sub>o tambi\u00e9n Fe<sub>3<\/sub>O<sub>4<\/sub><\/p>\n<p>Sistema cristalino: C\u00fabico.<\/p>\n<p>Forma y h\u00e1bito: H\u00e1bito octa\u00e9drico, m\u00e1s raramente dodeca\u00e9drico. Maclado {111}. Macizo, granular o de grano fino.<\/p>\n<p><strong>Propiedades f\u00edsicas: <\/strong><\/p>\n<p>Color: Negro.<\/p>\n<p>Exfoliaci\u00f3n: Ninguna.<\/p>\n<p>Partici\u00f3n: {111} octa\u00e9drica.<\/p>\n<p>Fractura irregular.<\/p>\n<p>Raya: Negra.<\/p>\n<p>Brillo: Met\u00e1lico.<\/p>\n<p>Dureza: <strong>H <\/strong>5,5 \u2013 6,5<\/p>\n<p>Peso espec\u00edfico: <strong>G<\/strong> 5,18 g\/cm<sup>3<\/sup><\/p>\n<p>Fuertemente magn\u00e9tico. Im\u00e1n natural.<\/p>\n<p>Opaco.<\/p>\n<p><strong>Composici\u00f3n:<\/strong> Fe 72,4% O 27,6%. Alg\u00fan porcentaje Mg<sup>2+<\/sup> y Mn<sup>2+<\/sup> sustituyendo al Fe<sup>2+<\/sup> y Al<sup>3+<\/sup>, Cr<sup>3+<\/sup>, Mn<sup>3+<\/sup> o Ti<sup>4+<\/sup> sustituyendo al Fe<sup>3+<\/sup>.<\/p>\n<p><img loading=\"lazy\" decoding=\"async\" width=\"1100\" height=\"880\" alt=\"C:\\Users\\ELENA VINDEL\\Documents\\GEOIMAGENES\\GEOIMAGENES MA\\Figura 9. Magnetita.jpg\" src=\"http:\/\/minevindel.com\/wp-content\/uploads\/2026\/01\/c-users-elena-vindel-documents-geoimagenes-geoima-3.jpeg\" class=\"wp-image-534\" srcset=\"http:\/\/minevindel.com\/wp-content\/uploads\/2026\/01\/c-users-elena-vindel-documents-geoimagenes-geoima-3.jpeg 1100w, http:\/\/minevindel.com\/wp-content\/uploads\/2026\/01\/c-users-elena-vindel-documents-geoimagenes-geoima-3-300x240.jpeg 300w, http:\/\/minevindel.com\/wp-content\/uploads\/2026\/01\/c-users-elena-vindel-documents-geoimagenes-geoima-3-1024x819.jpeg 1024w, http:\/\/minevindel.com\/wp-content\/uploads\/2026\/01\/c-users-elena-vindel-documents-geoimagenes-geoima-3-768x614.jpeg 768w\" sizes=\"auto, (max-width: 1100px) 100vw, 1100px\" \/><\/p>\n<p>Octaedros de magnetita. Colecci\u00f3n privada de E. Vindel.<\/p>\n<p><strong><img loading=\"lazy\" decoding=\"async\" width=\"1299\" height=\"863\" alt=\"C:\\Users\\ELENA VINDEL\\Desktop\\Caja F4\\DSC09327.JPG\" src=\"http:\/\/minevindel.com\/wp-content\/uploads\/2026\/01\/c-users-elena-vindel-desktop-caja-f4-dsc09327-jpg-2.jpeg\" class=\"wp-image-535\" srcset=\"http:\/\/minevindel.com\/wp-content\/uploads\/2026\/01\/c-users-elena-vindel-desktop-caja-f4-dsc09327-jpg-2.jpeg 1299w, http:\/\/minevindel.com\/wp-content\/uploads\/2026\/01\/c-users-elena-vindel-desktop-caja-f4-dsc09327-jpg-2-300x199.jpeg 300w, http:\/\/minevindel.com\/wp-content\/uploads\/2026\/01\/c-users-elena-vindel-desktop-caja-f4-dsc09327-jpg-2-1024x680.jpeg 1024w, http:\/\/minevindel.com\/wp-content\/uploads\/2026\/01\/c-users-elena-vindel-desktop-caja-f4-dsc09327-jpg-2-768x510.jpeg 768w\" sizes=\"auto, (max-width: 1299px) 100vw, 1299px\" \/><\/strong><\/p>\n<p>Octaedros de magnetita. Calcopirita (amarilla en la esquina derecha). Colecci\u00f3n privada de E. Vindel.<\/p>\n<p><strong>CROMITA<\/strong><\/p>\n<p>F\u00f3rmula: Fe<sup>2+<\/sup>Cr<sup>3+<\/sup><sub>2<\/sub>O<sub>4<\/sub><\/p>\n<p>Sistema cristalino: C\u00fabico.<\/p>\n<p>Forma y h\u00e1bito: H\u00e1bito octa\u00e9drico, raro. Macizo o granular.<\/p>\n<p><strong>Propiedades f\u00edsicas: <\/strong><\/p>\n<p>Color: Negro a pardo.<\/p>\n<p>Exfoliaci\u00f3n: Ninguna.<\/p>\n<p>Partici\u00f3n: {111} octa\u00e9drica.<\/p>\n<p>Fractura irregular.<\/p>\n<p>Raya: Parda.<\/p>\n<p>Brillo: Met\u00e1lico a submet\u00e1lico.<\/p>\n<p>Dureza: <strong>H <\/strong>5,5<\/p>\n<p>Peso espec\u00edfico: <strong>G<\/strong> 4,6 g\/cm<sup>3<\/sup><\/p>\n<p>Opaco.<\/p>\n<p>Algunas muestras d\u00e9bilmente magn\u00e9ticas.<\/p>\n<p><strong>Composici\u00f3n: <\/strong>FeO 32%, Cr<sub>2<\/sub>O<sub>3 <\/sub>68%. Siempre algo de Mg sustituye al Fe<sup>2+<\/sup> y algo de Al<sup>3+<\/sup> y Fe<sup>3+<\/sup> sustituyen al Cr.<\/p>\n<p><img loading=\"lazy\" decoding=\"async\" width=\"1024\" height=\"768\" alt=\"npo000018\" src=\"http:\/\/minevindel.com\/wp-content\/uploads\/2026\/01\/npo000018-2.jpeg\" class=\"wp-image-536\" srcset=\"http:\/\/minevindel.com\/wp-content\/uploads\/2026\/01\/npo000018-2.jpeg 1024w, http:\/\/minevindel.com\/wp-content\/uploads\/2026\/01\/npo000018-2-300x225.jpeg 300w, http:\/\/minevindel.com\/wp-content\/uploads\/2026\/01\/npo000018-2-768x576.jpeg 768w\" sizes=\"auto, (max-width: 1024px) 100vw, 1024px\" \/><\/p>\n<p>Bushveld (Sudafrica). Cromita (negra)  en estratos. Foto J. Sierra.<\/p>\n<p><strong>HIDR\u00d3XIDOS<\/strong><\/p>\n<p>Los hidr\u00f3xidos est\u00e1n caracterizados por la presencia del grupo (OH)<sup>&#8211;<\/sup>.<\/p>\n<p><strong>GOETHITA<\/strong><\/p>\n<p>F\u00f3rmula: FeO (OH)<\/p>\n<p>Sistema cristalino: R\u00f3mbico.<\/p>\n<p>Forma y h\u00e1bito: Cristales aciculares. Macizo, botroide y en agregados radiales.<\/p>\n<p><strong>Propiedades f\u00edsicas: <\/strong><\/p>\n<p>Color: Pardo amarillento, rojo, pardo oscuro, negro.<\/p>\n<p>Exfoliaci\u00f3n: {010} perfecta, {100}d\u00e9bil.<\/p>\n<p>Fractura irregular.<\/p>\n<p>Raya: Parda a amarilla.<\/p>\n<p>Brillo: V\u00edtreo a terroso.<\/p>\n<p>Dureza: <strong>H <\/strong>5 &#8211;<strong> <\/strong>5,5<\/p>\n<p>Peso espec\u00edfico: <strong>G<\/strong> 4,37 g\/cm<sup>3<\/sup><\/p>\n<p><strong>Composici\u00f3n: <\/strong>Fe 62,9%, O 27,0%, H<sub>2<\/sub>O 10,1%. Contiene hasta 5% de Mn.<\/p>\n<p><img loading=\"lazy\" decoding=\"async\" width=\"1299\" height=\"863\" alt=\"C:\\Users\\ELENA VINDEL\\Documents\\MINERALES CONCURSO ELEKTRA\\GOETHTIA.JPG\" src=\"http:\/\/minevindel.com\/wp-content\/uploads\/2026\/01\/c-users-elena-vindel-documents-minerales-concurso-14.jpeg\" class=\"wp-image-537\" srcset=\"http:\/\/minevindel.com\/wp-content\/uploads\/2026\/01\/c-users-elena-vindel-documents-minerales-concurso-14.jpeg 1299w, http:\/\/minevindel.com\/wp-content\/uploads\/2026\/01\/c-users-elena-vindel-documents-minerales-concurso-14-300x199.jpeg 300w, http:\/\/minevindel.com\/wp-content\/uploads\/2026\/01\/c-users-elena-vindel-documents-minerales-concurso-14-1024x680.jpeg 1024w, http:\/\/minevindel.com\/wp-content\/uploads\/2026\/01\/c-users-elena-vindel-documents-minerales-concurso-14-768x510.jpeg 768w\" sizes=\"auto, (max-width: 1299px) 100vw, 1299px\" \/><\/p>\n<p>Goethita. Colecci\u00f3n privada de E. Vindel<\/p>\n<p><strong><img loading=\"lazy\" decoding=\"async\" width=\"1299\" height=\"863\" alt=\"C:\\Users\\ELENA VINDEL\\Pictures\\4_FOTOSWEB\\Geominero 2\\DSC09524.JPG\" src=\"http:\/\/minevindel.com\/wp-content\/uploads\/2026\/01\/c-users-elena-vindel-pictures-4_fotosweb-geominer-18.jpeg\" class=\"wp-image-538\" srcset=\"http:\/\/minevindel.com\/wp-content\/uploads\/2026\/01\/c-users-elena-vindel-pictures-4_fotosweb-geominer-18.jpeg 1299w, http:\/\/minevindel.com\/wp-content\/uploads\/2026\/01\/c-users-elena-vindel-pictures-4_fotosweb-geominer-18-300x199.jpeg 300w, http:\/\/minevindel.com\/wp-content\/uploads\/2026\/01\/c-users-elena-vindel-pictures-4_fotosweb-geominer-18-1024x680.jpeg 1024w, http:\/\/minevindel.com\/wp-content\/uploads\/2026\/01\/c-users-elena-vindel-pictures-4_fotosweb-geominer-18-768x510.jpeg 768w\" sizes=\"auto, (max-width: 1299px) 100vw, 1299px\" \/><\/strong><\/p>\n<p>Goethita botroide. Museo Geominero. Foto E. Vindel.<\/p>\n<p><strong>BRUCITA<\/strong><\/p>\n<p>F\u00f3rmula: Mg (OH)<sub>2 <\/sub><\/p>\n<p>Sistema cristalino: Trigonal.<\/p>\n<p>Forma y h\u00e1bito: Cristales tabulares. Macizo, hojoso.<\/p>\n<p><strong>Propiedades f\u00edsicas: <\/strong><\/p>\n<p>Color: Blanco, gris, verde, pardo, azul.<\/p>\n<p>Exfoliaci\u00f3n: {0001} perfecta.<\/p>\n<p>Raya: Blanca.<\/p>\n<p>Brillo: Perlado, v\u00edtreo, c\u00e9reo.<\/p>\n<p>Dureza: <strong>H <\/strong>2,5<\/p>\n<p>Peso espec\u00edfico: <strong>G<\/strong> 2,39 g\/cm<sup>3<\/sup><\/p>\n<p>S\u00e9ctil.<\/p>\n<p><strong>Composici\u00f3n: <\/strong>MgO 69%, H<sub>2<\/sub>O 31%. El Fe<sup>2+ <\/sup>y Mn<sup>2+<\/sup> pueden sustituir Mg.<\/p>\n<p><img loading=\"lazy\" decoding=\"async\" width=\"1299\" height=\"863\" alt=\"C:\\Users\\ELENA VINDEL\\Pictures\\4_FOTOSWEB\\Geominero 2\\DSC09500.JPG\" src=\"http:\/\/minevindel.com\/wp-content\/uploads\/2026\/01\/c-users-elena-vindel-pictures-4_fotosweb-geominer-19.jpeg\" class=\"wp-image-539\" srcset=\"http:\/\/minevindel.com\/wp-content\/uploads\/2026\/01\/c-users-elena-vindel-pictures-4_fotosweb-geominer-19.jpeg 1299w, http:\/\/minevindel.com\/wp-content\/uploads\/2026\/01\/c-users-elena-vindel-pictures-4_fotosweb-geominer-19-300x199.jpeg 300w, http:\/\/minevindel.com\/wp-content\/uploads\/2026\/01\/c-users-elena-vindel-pictures-4_fotosweb-geominer-19-1024x680.jpeg 1024w, http:\/\/minevindel.com\/wp-content\/uploads\/2026\/01\/c-users-elena-vindel-pictures-4_fotosweb-geominer-19-768x510.jpeg 768w\" sizes=\"auto, (max-width: 1299px) 100vw, 1299px\" \/><\/p>\n<p>Brucita. Museo Geominero. Foto E. Vindel.<\/p>\n","protected":false},"excerpt":{"rendered":"<p>4. \u00d3XIDOS E HIDR\u00d3XIDOS CUPRITA F\u00f3rmula: Cu2O Sistema cristalino: C\u00fabico. Forma y h\u00e1bito: Cristales c\u00fabicos, octa\u00e9dricos, dodeca\u00e9dricos o combinaciones. Algunas veces conocida como cuprita capilar o calcotriquita. Masiva, granular o agregados terrosos. Propiedades f\u00edsicas: Color: Rojo en varios tonos, casi negro. Rojo rub\u00ed en cristales transparentes. Exfoliaci\u00f3n: {111}d\u00e9bil. Fractura concoidea, irregular. Raya: Roja a parda.&hellip; <a class=\"more-link\" href=\"http:\/\/minevindel.com\/index.php\/tema-4\/\">Seguir leyendo <span class=\"screen-reader-text\">Tema 4<\/span><\/a><\/p>\n","protected":false},"author":1,"featured_media":0,"parent":0,"menu_order":0,"comment_status":"closed","ping_status":"closed","template":"","meta":{"footnotes":""},"class_list":["post-518","page","type-page","status-publish","hentry","entry"],"_links":{"self":[{"href":"http:\/\/minevindel.com\/index.php\/wp-json\/wp\/v2\/pages\/518","targetHints":{"allow":["GET"]}}],"collection":[{"href":"http:\/\/minevindel.com\/index.php\/wp-json\/wp\/v2\/pages"}],"about":[{"href":"http:\/\/minevindel.com\/index.php\/wp-json\/wp\/v2\/types\/page"}],"author":[{"embeddable":true,"href":"http:\/\/minevindel.com\/index.php\/wp-json\/wp\/v2\/users\/1"}],"replies":[{"embeddable":true,"href":"http:\/\/minevindel.com\/index.php\/wp-json\/wp\/v2\/comments?post=518"}],"version-history":[{"count":1,"href":"http:\/\/minevindel.com\/index.php\/wp-json\/wp\/v2\/pages\/518\/revisions"}],"predecessor-version":[{"id":540,"href":"http:\/\/minevindel.com\/index.php\/wp-json\/wp\/v2\/pages\/518\/revisions\/540"}],"wp:attachment":[{"href":"http:\/\/minevindel.com\/index.php\/wp-json\/wp\/v2\/media?parent=518"}],"curies":[{"name":"wp","href":"https:\/\/api.w.org\/{rel}","templated":true}]}}